{"id":65812,"date":"2024-02-26T14:11:15","date_gmt":"2024-02-26T13:11:15","guid":{"rendered":"https:\/\/dobrowraca-mg.pl\/bruno\/?post_type=product&#038;p=65812"},"modified":"2025-10-20T12:15:25","modified_gmt":"2025-10-20T10:15:25","slug":"bruno","status":"publish","type":"product","link":"https:\/\/dobrowraca-mg.pl\/bruno\/podopieczny\/bruno\/","title":{"rendered":"Bruno Waszczuk"},"content":{"rendered":"<p style=\"text-align: center;\"><span style=\"color: #000000;\">Bruno przeszed\u0142 ju\u017c 11 operacji swoich n\u00f3\u017cek, a przed nami kolejna operacja w USA w tej trudnej drodze. Je\u015bli nie zd\u0105\u017cymy uzbiera\u0107 pieni\u0119dzy Bruno przejdzie AMPUTACJ\u0118 n\u00f3\u017cki!<\/span><\/p>\n<p><a href=\"https:\/\/dobrowraca-mg.pl\/bruno\/wp-content\/uploads\/image000000.jpg\"><img loading=\"lazy\" decoding=\"async\" class=\"aligncenter size-medium wp-image-70176\" src=\"https:\/\/dobrowraca-mg.pl\/bruno\/wp-content\/uploads\/image000000-164x300.jpg\" alt=\"\" width=\"164\" height=\"300\" srcset=\"https:\/\/dobrowraca-mg.pl\/bruno\/wp-content\/uploads\/image000000-164x300.jpg 164w, https:\/\/dobrowraca-mg.pl\/bruno\/wp-content\/uploads\/image000000.jpg 371w\" sizes=\"auto, (max-width: 164px) 100vw, 164px\" \/><\/a><\/p>\n<div class=\"embed-responsive embed-responsive-16by9\"><iframe loading=\"lazy\" title=\"\u2757\ufe0fWalka przed amputacj\u0105 n\u00f3g. POM\u00d3\u017bCIE\ud83d\ude4f\" width=\"540\" height=\"960\" src=\"https:\/\/www.youtube.com\/embed\/M93M6v8xORY?feature=oembed\" frameborder=\"0\" allow=\"accelerometer; autoplay; clipboard-write; encrypted-media; gyroscope; picture-in-picture; web-share\" referrerpolicy=\"strict-origin-when-cross-origin\" allowfullscreen><\/iframe><\/div>\n<p><a href=\"https:\/\/dobrowraca-mg.pl\/wp-content\/uploads\/20201028_0944420-1_resized-02-scaled.jpeg\">\u00a0<\/a><\/p>\n<p style=\"text-align: center;\"><span style=\"color: #000000;\">M\u00f3j 7-letni syn urodzi\u0142 si\u0119 z wrodzon\u0105 wad\u0105 obu n\u00f3g. W Polsce nie by\u0142o dla niego ratunku; proponowano amputacj\u0119. Nie zgodzi\u0142am si\u0119 na to, wiedz\u0105c, \u017ce nasze \u017cycie zamieni si\u0119 w nieustann\u0105 walk\u0119 o jego zdrowie. Nigdy nie straci\u0142am nadziei i uda\u0142o mi si\u0119 znale\u017a\u0107 lekarza, kt\u00f3ry obieca\u0142, \u017ce Bruno b\u0119dzie chodzi\u0142 na swoich nogach. Za oceanem znajduje si\u0119 specjalista, kt\u00f3ry operuje Bruna<\/span><span style=\"color: #000000;\">\u00a0od jego drugiego roku \u017cycia i tylko on mo\u017ce pom\u00f3c mu funkcjonowa\u0107 na w\u0142asnych n\u00f3\u017ckach.<\/span><\/p>\n<p style=\"padding-left: 40px; text-align: left;\"><a href=\"https:\/\/dobrowraca-mg.pl\/wp-content\/uploads\/20210311_114919-scaled.jpg\"><img loading=\"lazy\" decoding=\"async\" class=\"size-medium wp-image-67218 aligncenter\" src=\"https:\/\/dobrowraca-mg.pl\/wp-content\/uploads\/20210311_114919-225x300.jpg\" alt=\"\" width=\"225\" height=\"300\" \/><\/a><\/p>\n<p style=\"text-align: center;\"><span style=\"color: #000000;\">Dzi\u0119ki Waszej pomocy uda\u0142o si\u0119 ju\u017c trzykrotnie zebra\u0107 fundusze, by polecie\u0107 do Stan\u00f3w Zjednoczonych i uratowa\u0107 nogi Bruna przed amputacj\u0105. Teraz potrzebujemy wsparcia po raz kolejny. <\/span><span style=\"color: #000000;\">W 2020 roku Bruno przeszed\u0142 pierwsze operacje. Doktor wyprostowa\u0142 zdeformowane nogi, u\u017cywaj\u0105c odpowiednich aparat\u00f3w, a tak\u017ce zrekonstruowano stawy. Synek przeszed\u0142 cztery powa\u017cne operacje, co da\u0142o nam iskierk\u0119 nadziei na lepsze jutro. Pi\u0105ta operacja mia\u0142a by\u0107 ulg\u0105 dla Brunona, jednak wyst\u0105pi\u0142a infekcja, a zabieg wi\u0105za\u0142 si\u0119 z przeszczepem sk\u00f3ry z uda. Kolejne dwie operacje mia\u0142y na celu umiejscowienie aparat\u00f3w na nogach w celu ich wyd\u0142u\u017cenia.<\/span><\/p>\n<p><a href=\"https:\/\/dobrowraca-mg.pl\/wp-content\/uploads\/20210122_015555-scaled.jpg\"><img loading=\"lazy\" decoding=\"async\" class=\"aligncenter size-medium wp-image-67219\" src=\"https:\/\/dobrowraca-mg.pl\/wp-content\/uploads\/20210122_015555-135x300.jpg\" alt=\"\" width=\"135\" height=\"300\" \/><\/a><\/p>\n<p style=\"text-align: center;\"><span style=\"color: #000000;\">Po prawie rocznym leczeniu wr\u00f3cili\u015bmy do Polski, gdzie przeprowadzono jedn\u0105 operacj\u0119 \u2013 usuni\u0119cie drutu z nogi. Niestety, nie przynios\u0142o to rezultat\u00f3w i po sze\u015bciu miesi\u0105cach musieli\u015bmy wr\u00f3ci\u0107 do Ameryki, aby skorygowa\u0107 nog\u0119, kt\u00f3ra \u017ale si\u0119 zrasta\u0142a. Dr. Paley zdecydowa\u0142 o zastosowaniu nowego aparatu na jedn\u0105 nog\u0119. <\/span><span style=\"color: #000000;\">Po pi\u0119ciu miesi\u0105cach intensywnej rehabilitacji, gdy Bruno mia\u0142 ju\u017c prost\u0105 nog\u0119, wr\u00f3cili\u015bmy do domu. Nasza rado\u015b\u0107 nie trwa\u0142a jednak d\u0142ugo. Mimo ortezy, Bruno skar\u017cy\u0142 si\u0119 na b\u00f3l lewej nogi, co uniemo\u017cliwi\u0142o mu chodzenie. W zwi\u0105zku z tym 6 grudnia 2022 roku pojechali\u015bmy na wizyt\u0119 do European Paley Institute w Warszawie. Dowiedzieli\u015bmy si\u0119, \u017ce Bruno musi ponownie trafi\u0107 na st\u00f3\u0142 operacyjny. Pe\u0142ni nadziei otworzyli\u015bmy now\u0105 zbi\u00f3rk\u0119, kt\u00f3ra pozwoli\u0142a nam w 2023 roku po raz trzeci polecie\u0107 do Stan\u00f3w Zjednoczonych, aby ratowa\u0107 nogi Bruna.<\/span><\/p>\n<p><a href=\"https:\/\/dobrowraca-mg.pl\/wp-content\/uploads\/20201028_0944420-1_resized-02-scaled.jpeg\"><img loading=\"lazy\" decoding=\"async\" class=\"aligncenter size-medium wp-image-11492\" src=\"https:\/\/dobrowraca-mg.pl\/wp-content\/uploads\/20201028_0944420-1_resized-02-204x300.jpeg\" alt=\"\" width=\"204\" height=\"300\" srcset=\"https:\/\/dobrowraca-mg.pl\/bruno\/wp-content\/uploads\/20201028_0944420-1_resized-02-204x300.jpeg 204w, https:\/\/dobrowraca-mg.pl\/bruno\/wp-content\/uploads\/20201028_0944420-1_resized-02-696x1024.jpeg 696w, https:\/\/dobrowraca-mg.pl\/bruno\/wp-content\/uploads\/20201028_0944420-1_resized-02-768x1129.jpeg 768w, https:\/\/dobrowraca-mg.pl\/bruno\/wp-content\/uploads\/20201028_0944420-1_resized-02-1045x1536.jpeg 1045w, https:\/\/dobrowraca-mg.pl\/bruno\/wp-content\/uploads\/20201028_0944420-1_resized-02-1393x2048.jpeg 1393w, https:\/\/dobrowraca-mg.pl\/bruno\/wp-content\/uploads\/20201028_0944420-1_resized-02-760x1117.jpeg 760w, https:\/\/dobrowraca-mg.pl\/bruno\/wp-content\/uploads\/20201028_0944420-1_resized-02-scaled.jpeg 1741w\" sizes=\"auto, (max-width: 204px) 100vw, 204px\" \/><\/a><\/p>\n<p style=\"text-align: center;\"><span style=\"color: #000000;\">Podczas operacji doktor w\u0142o\u017cy\u0142 drut do lewej nogi a\u017c po kostk\u0119, aby ko\u015bci by\u0142y stabilne podczas chodzenia, a ko\u015b\u0107 udowa, kt\u00f3ra by\u0142a za d\u0142uga, nie naciska\u0142a na cienk\u0105 ko\u015b\u0107 strza\u0142kow\u0105. Operacja przebieg\u0142a szybko i pomy\u015blnie, a Bruno tydzie\u0144 p\u00f3\u017aniej rozpocz\u0105\u0142 rehabilitacj\u0119, kt\u00f3r\u0105 po raz pierwszy przeszed\u0142 bezbole\u015bnie, z rado\u015bci\u0105 chc\u0105c chodzi\u0107 i wzmacnia\u0107 nog\u0119. Na praw\u0105 nog\u0119 zam\u00f3wiono ortez\u0119, poniewa\u017c nie by\u0142o tam wzmocnienia w postaci drutu, co mog\u0142oby prowadzi\u0107 do jej z\u0142amania. Cztery miesi\u0105ce leczenia min\u0119\u0142y bardzo szybko, a Bruno z u\u015bmiechem na twarzy rozpocz\u0105\u0142 swoj\u0105 edukacj\u0119 w zer\u00f3wce.<\/span><\/p>\n<p style=\"text-align: center;\"><span style=\"color: #000000;\">Niestety, po kilku miesi\u0105cach, w maju tego roku, pojechali\u015bmy do Warszawy na kontrol\u0119 z doktorem Paleyem. Wiedzia\u0142am, \u017ce nie us\u0142yszymy dobrych wie\u015bci, poniewa\u017c Bruno skar\u017cy\u0142 si\u0119 na b\u00f3l prawej nogi. Jak zawsze wykonano zdj\u0119cia RTG, przeprowadzono d\u0142ugi wywiad i analiz\u0119 przyczyn b\u00f3lu. Kiedy doktor spojrza\u0142 na mnie, wiedzia\u0142am, co zaraz us\u0142ysz\u0119 \u2013 zna\u0142am ten wzrok. <\/span><span style=\"color: #000000;\">Decyzja zapad\u0142a: Bruno musi mie\u0107 drut tak\u017ce w prawej nodze, taki sam jak w lewej. Poczu\u0142am ucisk w sercu, a \u0142zy nap\u0142yn\u0119\u0142y do oczu. Gdy doktor og\u0142osi\u0142, \u017ce moje dziecko po raz dwunasty trafi na st\u00f3\u0142 operacyjny, nie wiedzia\u0142am, co powiedzie\u0107. Po raz kolejny musimy rzuci\u0107 wszystko i lecie\u0107 tysi\u0105ce kilometr\u00f3w od domu, aby uratowa\u0107 nogi Bruna Bez operacji b\u0119dzie cierpia\u0142. Obieca\u0142am mu, \u017ce wygramy i uda nam si\u0119 uratowa\u0107 jego nogi.<\/span><\/p>\n<p style=\"text-align: center;\"><span style=\"color: #000000;\">Ka\u017cdy krok sprawia mu b\u00f3l, a codziennie rano, gdy wstaje do szko\u0142y, pyta, kiedy przestanie go bole\u0107. Jako matka, moje serce p\u0119ka, a ja czuj\u0119, \u017ce horror b\u00f3lu i cierpienia wraca. <\/span><span style=\"color: #000000;\">Dlatego przychodz\u0119 do Was z ogromn\u0105 pro\u015bb\u0105 o pomoc. Bez Waszej pomocy nie uda mi si\u0119 dotrzyma\u0107 obietnicy, kt\u00f3r\u0105 powtarzam Brunowi \u2013 \u017ce b\u0119dzie mia\u0142 zdrowe nogi. Bez Waszego wsparcia mo\u017ce wr\u00f3ci\u0107 na w\u00f3zek inwalidzki. <\/span><span style=\"color: #000000;\">Ka\u017cdy krok, kt\u00f3ry dla wielu jest normalno\u015bci\u0105, dla mojego syna jest \u017ar\u00f3d\u0142em b\u00f3lu. Prosz\u0119 Was o wsparcie. Ka\u017cda z\u0142ot\u00f3wka przybli\u017ca nas do celu \u2013 zdrowych n\u00f3g mojego syna.<\/span><\/p>\n<p style=\"text-align: center;\"><span style=\"color: #000000;\">Z wyrazami wdzi\u0119czno\u015bci,<\/span><\/p>\n<p style=\"text-align: center;\"><span style=\"color: #000000;\">Mama, Nikola.<\/span><\/p>\n","protected":false},"excerpt":{"rendered":"<p>Operacja albo amputacja! Ratujemy Bruna przed kalectwem!<\/p>\n","protected":false},"featured_media":11806,"template":"","meta":[],"product_cat":[16],"product_tag":[],"class_list":["post-65812","product","type-product","status-publish","has-post-thumbnail","hentry","product_cat-bez-kategorii"],"column":"3","wpcf_product":{"display_name":"Mari m ","location":"Polska","funding_goal":"465000","total_raised":"471969","raised_percent":"100%","desc":"Bruno przeszed\u0142 ju\u017c ","days_remaining":0,"product_thumb":"<img width=\"400\" height=\"533\" src=\"https:\/\/dobrowraca-mg.pl\/bruno\/wp-content\/uploads\/inbound1951646470083591242-400x533.jpg\" class=\"attachment-woocommerce_thumbnail size-woocommerce_thumbnail\" alt=\"\" decoding=\"async\" loading=\"lazy\" \/>"},"wpcf_dashboard":"<div class=\"woocommerce\"><div class=\"woocommerce-info\">Please log in first? <a class=\"wpneoShowLogin\" href=\"#\">Click here to login<\/a><\/div><div class=\"wpneo_login_form_div\" style=\"display: none;\"><form name=\"loginform\" id=\"loginform\" action=\"https:\/\/dobrowraca-mg.pl\/bruno\/wp-login.php\" method=\"post\"><p class=\"login-username\">\n\t\t\t\t<label for=\"user_login\">Nazwa u\u017cytkownika lub adres e-mail<\/label>\n\t\t\t\t<input type=\"text\" name=\"log\" id=\"user_login\" autocomplete=\"username\" class=\"input\" value=\"\" size=\"20\" \/>\n\t\t\t<\/p><p class=\"login-password\">\n\t\t\t\t<label for=\"user_pass\">Has\u0142o<\/label>\n\t\t\t\t<input type=\"password\" name=\"pwd\" id=\"user_pass\" autocomplete=\"current-password\" spellcheck=\"false\" class=\"input\" value=\"\" size=\"20\" \/>\n\t\t\t<\/p><p class=\"login-remember\"><label><input name=\"rememberme\" type=\"checkbox\" id=\"rememberme\" value=\"forever\" \/> Zapami\u0119taj mnie<\/label><\/p><p class=\"login-submit\">\n\t\t\t\t<input type=\"submit\" name=\"wp-submit\" id=\"wp-submit\" class=\"button button-primary\" value=\"Zaloguj si\u0119\" \/>\n\t\t\t\t<input type=\"hidden\" name=\"redirect_to\" value=\"https:\/\/dobrowraca-mg.pl\/bruno\/wp-json\/wp\/v2\/product\/65812\" \/>\n\t\t\t<\/p><\/form><\/div><\/div>","wpcf_single_campaign":"\n<div class=\"wpneo-wrapper\">\n    <div class=\"wpneocf-container\">\n        <div id=\"primary\" class=\"content-area\">\n            <div id=\"content\" class=\"site-content\" role=\"main\">\n                <div class=\"wpneo-list-details\">\n\n\t\t\t\t\t                    <div itemscope itemtype=\"http:\/\/schema.org\/ItemList\" id=\"campaign-65812\" class=\"post-65812 product type-product status-publish has-post-thumbnail hentry product_cat-bez-kategorii\">\n\t\t\t\t\t\t<div class=\"wpneo-campaign-single-left-info\">\n            <div class=\"woocommerce-product-gallery woocommerce-product-gallery--with-images woocommerce-product-gallery--columns-4 images\" data-columns=\"4\" style=\"opacity: 0; transition: opacity .25s ease-in-out;\">\n            <figure class=\"woocommerce-product-gallery__wrapper\">\n                <div data-thumb=\"https:\/\/dobrowraca-mg.pl\/bruno\/wp-content\/uploads\/inbound1951646470083591242-100x100.jpg\" class=\"woocommerce-product-gallery__image\"><a itemprop=\"image\" class=\"woocommerce-main-image cloud-zoom\" href=\"https:\/\/dobrowraca-mg.pl\/bruno\/wp-content\/uploads\/inbound1951646470083591242-scaled.jpg\"><img width=\"760\" height=\"954\" src=\"https:\/\/dobrowraca-mg.pl\/bruno\/wp-content\/uploads\/inbound1951646470083591242-760x954.jpg\" class=\"attachment-shop_single size-shop_single wp-post-image\" alt=\"\" title=\"\" data-src=\"https:\/\/dobrowraca-mg.pl\/bruno\/wp-content\/uploads\/inbound1951646470083591242-scaled.jpg\" data-large_image=\"https:\/\/dobrowraca-mg.pl\/bruno\/wp-content\/uploads\/inbound1951646470083591242-scaled.jpg\" data-large_image_width=\"2040\" data-large_image_height=\"2560\" decoding=\"async\" loading=\"lazy\" srcset=\"https:\/\/dobrowraca-mg.pl\/bruno\/wp-content\/uploads\/inbound1951646470083591242-760x954.jpg 760w, https:\/\/dobrowraca-mg.pl\/bruno\/wp-content\/uploads\/inbound1951646470083591242-239x300.jpg 239w, https:\/\/dobrowraca-mg.pl\/bruno\/wp-content\/uploads\/inbound1951646470083591242-816x1024.jpg 816w, https:\/\/dobrowraca-mg.pl\/bruno\/wp-content\/uploads\/inbound1951646470083591242-768x964.jpg 768w, https:\/\/dobrowraca-mg.pl\/bruno\/wp-content\/uploads\/inbound1951646470083591242-1224x1536.jpg 1224w, https:\/\/dobrowraca-mg.pl\/bruno\/wp-content\/uploads\/inbound1951646470083591242-1632x2048.jpg 1632w, https:\/\/dobrowraca-mg.pl\/bruno\/wp-content\/uploads\/inbound1951646470083591242-scaled.jpg 2040w\" sizes=\"auto, (max-width: 760px) 100vw, 760px\" \/><\/a><\/div>            <\/figure>\n        <\/div>\n        <div style=\"clear: both\"><\/div>\n<div class=\"wpneo-single-short-description\">\n    <h2>Short Story<\/h2>\n    <div itemprop=\"description\">\n        <p>Operacja albo amputacja! Ratujemy Bruna przed kalectwem!<\/p>\n    <\/div>\n<\/div>\n<\/div>                        <div class=\"wpneo-campaign-summary\">\n                            <div class=\"wpneo-campaign-summary-inner\" itemscope itemtype=\"http:\/\/schema.org\/DonateAction\">\n\t\t\t\t\t\t\t\t<h2 class=\"wpneo-campaign-title\">Bruno Waszczuk<\/h2><p class=\"wpneo-author-info\">\n    by    <a href=\"javascript:;\" data-author=\"4\" class=\"wpneo-fund-modal-btn\">Mari m <\/a>\n<\/p><div class=\"woocommerce\"><\/div>\n<div class=\"campaign-funding-info\">\n    <div class=\"wpneo-target\">\n        <span class=\"info-text\">Cel:<\/span>\n        <p class=\"funding-amount\">\n            <span class=\"woocommerce-Price-amount amount\"><bdi>465000,00&nbsp;<span class=\"woocommerce-Price-currencySymbol\">&#122;&#322;<\/span><\/bdi><\/span>        <\/p>\n    <\/div>\n        <div class=\"wpneo-raised-percent\">\n        <div class=\"wpneo-meta-desc\" >100%<\/div>\n    <\/div>\n    <div class=\"wpneo-raised-bar\">\n        <div id=\"neo-progressbar\">\n                        <div style=\"width: 100%\"><\/div>\n        <\/div>\n    <\/div>\n    <div class=\"wpneo-collected\">\n        <span class=\"info-text\">Uda\u0142o si\u0119 zebra\u0107: <\/span>\n        <p class=\"funding-amount\"><span class=\"woocommerce-Price-amount amount\"><bdi>471969,00&nbsp;<span class=\"woocommerce-Price-currencySymbol\">&#122;&#322;<\/span><\/bdi><\/span><\/p>\n    <\/div>\n<\/div>\n<div class=\"wpneo-raised-percent\">\n    <div class=\"wpneo-meta-name\">Raised Percent :<\/div>\n    <div class=\"wpneo-meta-desc\" >100%<\/div>\n<\/div>\n<div class=\"wpneo-raised-bar\">\n    <div id=\"neo-progressbar\">\n                <div style=\"width: 100%\"><\/div>\n    <\/div>\n<\/div><div class=\"wpneo-single-sidebar ASA\">\n\tZbi\u00f3rka zako\u0144czona sukcesem.<\/div>\n<div class=\"wpneo-campaign-creator-info-wrapper\">\n\n<\/div>                            <\/div><!-- .wpneo-campaign-summary-inner -->\n                        <\/div><!-- .wpneo-campaign-summary -->\n\t\t\t\t\t\t\n    <div class=\"wpneo-tabs\">\n        <ul class=\"wpneo-tabs-menu\">\n                            <li class=\"wpneo-current description_tab\">\n                    <a href=\"#wpneo-tab-description\">Campaign Story<\/a>\n                <\/li>\n                    <\/ul>\n        <div class=\"wpneo-tab\">\n                            <div id=\"wpneo-tab-description\" class=\"wpneo-tab-content\">\n                    \n    <div class=\"tab-description tab_col_9 tab-campaign-story-left\">\n        <h2>Campaign Story<\/h2>\n        <p style=\"text-align: center;\"><span style=\"color: #000000;\">Bruno przeszed\u0142 ju\u017c 11 operacji swoich n\u00f3\u017cek, a przed nami kolejna operacja w USA w tej trudnej drodze. Je\u015bli nie zd\u0105\u017cymy uzbiera\u0107 pieni\u0119dzy Bruno przejdzie AMPUTACJ\u0118 n\u00f3\u017cki!<\/span><\/p>\n<p><a href=\"https:\/\/dobrowraca-mg.pl\/bruno\/wp-content\/uploads\/image000000.jpg\"><img loading=\"lazy\" decoding=\"async\" class=\"aligncenter size-medium wp-image-70176\" src=\"https:\/\/dobrowraca-mg.pl\/bruno\/wp-content\/uploads\/image000000-164x300.jpg\" alt=\"\" width=\"164\" height=\"300\" srcset=\"https:\/\/dobrowraca-mg.pl\/bruno\/wp-content\/uploads\/image000000-164x300.jpg 164w, https:\/\/dobrowraca-mg.pl\/bruno\/wp-content\/uploads\/image000000.jpg 371w\" sizes=\"auto, (max-width: 164px) 100vw, 164px\" \/><\/a><\/p>\n<div class=\"embed-responsive embed-responsive-16by9\"><iframe loading=\"lazy\" title=\"\u2757\ufe0fWalka przed amputacj\u0105 n\u00f3g. POM\u00d3\u017bCIE\ud83d\ude4f\" width=\"540\" height=\"960\" src=\"https:\/\/www.youtube.com\/embed\/M93M6v8xORY?feature=oembed\" frameborder=\"0\" allow=\"accelerometer; autoplay; clipboard-write; encrypted-media; gyroscope; picture-in-picture; web-share\" referrerpolicy=\"strict-origin-when-cross-origin\" allowfullscreen><\/iframe><\/div>\n<p><a href=\"https:\/\/dobrowraca-mg.pl\/wp-content\/uploads\/20201028_0944420-1_resized-02-scaled.jpeg\">\u00a0<\/a><\/p>\n<p style=\"text-align: center;\"><span style=\"color: #000000;\">M\u00f3j 7-letni syn urodzi\u0142 si\u0119 z wrodzon\u0105 wad\u0105 obu n\u00f3g. W Polsce nie by\u0142o dla niego ratunku; proponowano amputacj\u0119. Nie zgodzi\u0142am si\u0119 na to, wiedz\u0105c, \u017ce nasze \u017cycie zamieni si\u0119 w nieustann\u0105 walk\u0119 o jego zdrowie. Nigdy nie straci\u0142am nadziei i uda\u0142o mi si\u0119 znale\u017a\u0107 lekarza, kt\u00f3ry obieca\u0142, \u017ce Bruno b\u0119dzie chodzi\u0142 na swoich nogach. Za oceanem znajduje si\u0119 specjalista, kt\u00f3ry operuje Bruna<\/span><span style=\"color: #000000;\">\u00a0od jego drugiego roku \u017cycia i tylko on mo\u017ce pom\u00f3c mu funkcjonowa\u0107 na w\u0142asnych n\u00f3\u017ckach.<\/span><\/p>\n<p style=\"padding-left: 40px; text-align: left;\"><a href=\"https:\/\/dobrowraca-mg.pl\/wp-content\/uploads\/20210311_114919-scaled.jpg\"><img loading=\"lazy\" decoding=\"async\" class=\"size-medium wp-image-67218 aligncenter\" src=\"https:\/\/dobrowraca-mg.pl\/wp-content\/uploads\/20210311_114919-225x300.jpg\" alt=\"\" width=\"225\" height=\"300\" \/><\/a><\/p>\n<p style=\"text-align: center;\"><span style=\"color: #000000;\">Dzi\u0119ki Waszej pomocy uda\u0142o si\u0119 ju\u017c trzykrotnie zebra\u0107 fundusze, by polecie\u0107 do Stan\u00f3w Zjednoczonych i uratowa\u0107 nogi Bruna przed amputacj\u0105. Teraz potrzebujemy wsparcia po raz kolejny. <\/span><span style=\"color: #000000;\">W 2020 roku Bruno przeszed\u0142 pierwsze operacje. Doktor wyprostowa\u0142 zdeformowane nogi, u\u017cywaj\u0105c odpowiednich aparat\u00f3w, a tak\u017ce zrekonstruowano stawy. Synek przeszed\u0142 cztery powa\u017cne operacje, co da\u0142o nam iskierk\u0119 nadziei na lepsze jutro. Pi\u0105ta operacja mia\u0142a by\u0107 ulg\u0105 dla Brunona, jednak wyst\u0105pi\u0142a infekcja, a zabieg wi\u0105za\u0142 si\u0119 z przeszczepem sk\u00f3ry z uda. Kolejne dwie operacje mia\u0142y na celu umiejscowienie aparat\u00f3w na nogach w celu ich wyd\u0142u\u017cenia.<\/span><\/p>\n<p><a href=\"https:\/\/dobrowraca-mg.pl\/wp-content\/uploads\/20210122_015555-scaled.jpg\"><img loading=\"lazy\" decoding=\"async\" class=\"aligncenter size-medium wp-image-67219\" src=\"https:\/\/dobrowraca-mg.pl\/wp-content\/uploads\/20210122_015555-135x300.jpg\" alt=\"\" width=\"135\" height=\"300\" \/><\/a><\/p>\n<p style=\"text-align: center;\"><span style=\"color: #000000;\">Po prawie rocznym leczeniu wr\u00f3cili\u015bmy do Polski, gdzie przeprowadzono jedn\u0105 operacj\u0119 \u2013 usuni\u0119cie drutu z nogi. Niestety, nie przynios\u0142o to rezultat\u00f3w i po sze\u015bciu miesi\u0105cach musieli\u015bmy wr\u00f3ci\u0107 do Ameryki, aby skorygowa\u0107 nog\u0119, kt\u00f3ra \u017ale si\u0119 zrasta\u0142a. Dr. Paley zdecydowa\u0142 o zastosowaniu nowego aparatu na jedn\u0105 nog\u0119. <\/span><span style=\"color: #000000;\">Po pi\u0119ciu miesi\u0105cach intensywnej rehabilitacji, gdy Bruno mia\u0142 ju\u017c prost\u0105 nog\u0119, wr\u00f3cili\u015bmy do domu. Nasza rado\u015b\u0107 nie trwa\u0142a jednak d\u0142ugo. Mimo ortezy, Bruno skar\u017cy\u0142 si\u0119 na b\u00f3l lewej nogi, co uniemo\u017cliwi\u0142o mu chodzenie. W zwi\u0105zku z tym 6 grudnia 2022 roku pojechali\u015bmy na wizyt\u0119 do European Paley Institute w Warszawie. Dowiedzieli\u015bmy si\u0119, \u017ce Bruno musi ponownie trafi\u0107 na st\u00f3\u0142 operacyjny. Pe\u0142ni nadziei otworzyli\u015bmy now\u0105 zbi\u00f3rk\u0119, kt\u00f3ra pozwoli\u0142a nam w 2023 roku po raz trzeci polecie\u0107 do Stan\u00f3w Zjednoczonych, aby ratowa\u0107 nogi Bruna.<\/span><\/p>\n<p><a href=\"https:\/\/dobrowraca-mg.pl\/wp-content\/uploads\/20201028_0944420-1_resized-02-scaled.jpeg\"><img loading=\"lazy\" decoding=\"async\" class=\"aligncenter size-medium wp-image-11492\" src=\"https:\/\/dobrowraca-mg.pl\/wp-content\/uploads\/20201028_0944420-1_resized-02-204x300.jpeg\" alt=\"\" width=\"204\" height=\"300\" srcset=\"https:\/\/dobrowraca-mg.pl\/bruno\/wp-content\/uploads\/20201028_0944420-1_resized-02-204x300.jpeg 204w, https:\/\/dobrowraca-mg.pl\/bruno\/wp-content\/uploads\/20201028_0944420-1_resized-02-696x1024.jpeg 696w, https:\/\/dobrowraca-mg.pl\/bruno\/wp-content\/uploads\/20201028_0944420-1_resized-02-768x1129.jpeg 768w, https:\/\/dobrowraca-mg.pl\/bruno\/wp-content\/uploads\/20201028_0944420-1_resized-02-1045x1536.jpeg 1045w, https:\/\/dobrowraca-mg.pl\/bruno\/wp-content\/uploads\/20201028_0944420-1_resized-02-1393x2048.jpeg 1393w, https:\/\/dobrowraca-mg.pl\/bruno\/wp-content\/uploads\/20201028_0944420-1_resized-02-760x1117.jpeg 760w, https:\/\/dobrowraca-mg.pl\/bruno\/wp-content\/uploads\/20201028_0944420-1_resized-02-scaled.jpeg 1741w\" sizes=\"auto, (max-width: 204px) 100vw, 204px\" \/><\/a><\/p>\n<p style=\"text-align: center;\"><span style=\"color: #000000;\">Podczas operacji doktor w\u0142o\u017cy\u0142 drut do lewej nogi a\u017c po kostk\u0119, aby ko\u015bci by\u0142y stabilne podczas chodzenia, a ko\u015b\u0107 udowa, kt\u00f3ra by\u0142a za d\u0142uga, nie naciska\u0142a na cienk\u0105 ko\u015b\u0107 strza\u0142kow\u0105. Operacja przebieg\u0142a szybko i pomy\u015blnie, a Bruno tydzie\u0144 p\u00f3\u017aniej rozpocz\u0105\u0142 rehabilitacj\u0119, kt\u00f3r\u0105 po raz pierwszy przeszed\u0142 bezbole\u015bnie, z rado\u015bci\u0105 chc\u0105c chodzi\u0107 i wzmacnia\u0107 nog\u0119. Na praw\u0105 nog\u0119 zam\u00f3wiono ortez\u0119, poniewa\u017c nie by\u0142o tam wzmocnienia w postaci drutu, co mog\u0142oby prowadzi\u0107 do jej z\u0142amania. Cztery miesi\u0105ce leczenia min\u0119\u0142y bardzo szybko, a Bruno z u\u015bmiechem na twarzy rozpocz\u0105\u0142 swoj\u0105 edukacj\u0119 w zer\u00f3wce.<\/span><\/p>\n<p style=\"text-align: center;\"><span style=\"color: #000000;\">Niestety, po kilku miesi\u0105cach, w maju tego roku, pojechali\u015bmy do Warszawy na kontrol\u0119 z doktorem Paleyem. Wiedzia\u0142am, \u017ce nie us\u0142yszymy dobrych wie\u015bci, poniewa\u017c Bruno skar\u017cy\u0142 si\u0119 na b\u00f3l prawej nogi. Jak zawsze wykonano zdj\u0119cia RTG, przeprowadzono d\u0142ugi wywiad i analiz\u0119 przyczyn b\u00f3lu. Kiedy doktor spojrza\u0142 na mnie, wiedzia\u0142am, co zaraz us\u0142ysz\u0119 \u2013 zna\u0142am ten wzrok. <\/span><span style=\"color: #000000;\">Decyzja zapad\u0142a: Bruno musi mie\u0107 drut tak\u017ce w prawej nodze, taki sam jak w lewej. Poczu\u0142am ucisk w sercu, a \u0142zy nap\u0142yn\u0119\u0142y do oczu. Gdy doktor og\u0142osi\u0142, \u017ce moje dziecko po raz dwunasty trafi na st\u00f3\u0142 operacyjny, nie wiedzia\u0142am, co powiedzie\u0107. Po raz kolejny musimy rzuci\u0107 wszystko i lecie\u0107 tysi\u0105ce kilometr\u00f3w od domu, aby uratowa\u0107 nogi Bruna Bez operacji b\u0119dzie cierpia\u0142. Obieca\u0142am mu, \u017ce wygramy i uda nam si\u0119 uratowa\u0107 jego nogi.<\/span><\/p>\n<p style=\"text-align: center;\"><span style=\"color: #000000;\">Ka\u017cdy krok sprawia mu b\u00f3l, a codziennie rano, gdy wstaje do szko\u0142y, pyta, kiedy przestanie go bole\u0107. Jako matka, moje serce p\u0119ka, a ja czuj\u0119, \u017ce horror b\u00f3lu i cierpienia wraca. <\/span><span style=\"color: #000000;\">Dlatego przychodz\u0119 do Was z ogromn\u0105 pro\u015bb\u0105 o pomoc. Bez Waszej pomocy nie uda mi si\u0119 dotrzyma\u0107 obietnicy, kt\u00f3r\u0105 powtarzam Brunowi \u2013 \u017ce b\u0119dzie mia\u0142 zdrowe nogi. Bez Waszego wsparcia mo\u017ce wr\u00f3ci\u0107 na w\u00f3zek inwalidzki. <\/span><span style=\"color: #000000;\">Ka\u017cdy krok, kt\u00f3ry dla wielu jest normalno\u015bci\u0105, dla mojego syna jest \u017ar\u00f3d\u0142em b\u00f3lu. Prosz\u0119 Was o wsparcie. Ka\u017cda z\u0142ot\u00f3wka przybli\u017ca nas do celu \u2013 zdrowych n\u00f3g mojego syna.<\/span><\/p>\n<p style=\"text-align: center;\"><span style=\"color: #000000;\">Z wyrazami wdzi\u0119czno\u015bci,<\/span><\/p>\n<p style=\"text-align: center;\"><span style=\"color: #000000;\">Mama, Nikola.<\/span><\/p>\n    <\/div>\n\n<div class=\"tab-rewards tab_col_3 tab-campaign-story-right\">\n    <div style=\"clear: both\"><\/div>\t<div style=\"clear: both\"><\/div>\n<\/div>                <\/div>\n                    <\/div>\n        <div class=\"clear-float\"><\/div>\n    <\/div>\n\n                        <meta itemprop=\"url\" content=\"https:\/\/dobrowraca-mg.pl\/bruno\/podopieczny\/bruno\/\" \/>\n                    <\/div><!-- #campaign-65812 -->\n\t\t\t\t\t\t\t\t\t\t\n                <\/div>\n            <\/div><!-- #content -->\n        <\/div><!-- #primary -->\n    <\/div>\n\n<\/div>\n","wpcf_popular_campaign":[{"ID":65812,"post_author":"4","post_date":"2024-02-26 14:11:15","post_date_gmt":"2024-02-26 13:11:15","post_content":"<p style=\"text-align: center;\"><span style=\"color: #000000;\">Bruno przeszed\u0142 ju\u017c 11 operacji swoich n\u00f3\u017cek, a przed nami kolejna operacja w USA w tej trudnej drodze. Je\u015bli nie zd\u0105\u017cymy uzbiera\u0107 pieni\u0119dzy Bruno przejdzie AMPUTACJ\u0118 n\u00f3\u017cki!<\/span><\/p>\r\n<a href=\"https:\/\/dobrowraca-mg.pl\/bruno\/wp-content\/uploads\/image000000.jpg\"><img class=\"aligncenter size-medium wp-image-70176\" src=\"https:\/\/dobrowraca-mg.pl\/bruno\/wp-content\/uploads\/image000000-164x300.jpg\" alt=\"\" width=\"164\" height=\"300\" \/><\/a>\r\n\r\n[embed]https:\/\/youtube.com\/shorts\/M93M6v8xORY?si=uEUt_uLX5Klq5uLf[\/embed]\r\n\r\n<a href=\"https:\/\/dobrowraca-mg.pl\/wp-content\/uploads\/20201028_0944420-1_resized-02-scaled.jpeg\">\u00a0<\/a>\r\n<p style=\"text-align: center;\"><span style=\"color: #000000;\">M\u00f3j 7-letni syn urodzi\u0142 si\u0119 z wrodzon\u0105 wad\u0105 obu n\u00f3g. W Polsce nie by\u0142o dla niego ratunku; proponowano amputacj\u0119. Nie zgodzi\u0142am si\u0119 na to, wiedz\u0105c, \u017ce nasze \u017cycie zamieni si\u0119 w nieustann\u0105 walk\u0119 o jego zdrowie. Nigdy nie straci\u0142am nadziei i uda\u0142o mi si\u0119 znale\u017a\u0107 lekarza, kt\u00f3ry obieca\u0142, \u017ce Bruno b\u0119dzie chodzi\u0142 na swoich nogach. Za oceanem znajduje si\u0119 specjalista, kt\u00f3ry operuje Bruna<\/span><span style=\"color: #000000;\">\u00a0od jego drugiego roku \u017cycia i tylko on mo\u017ce pom\u00f3c mu funkcjonowa\u0107 na w\u0142asnych n\u00f3\u017ckach.<\/span><\/p>\r\n<p style=\"padding-left: 40px; text-align: left;\"><a href=\"https:\/\/dobrowraca-mg.pl\/wp-content\/uploads\/20210311_114919-scaled.jpg\"><img class=\"size-medium wp-image-67218 aligncenter\" src=\"https:\/\/dobrowraca-mg.pl\/wp-content\/uploads\/20210311_114919-225x300.jpg\" alt=\"\" width=\"225\" height=\"300\" \/><\/a><\/p>\r\n<p style=\"text-align: center;\"><span style=\"color: #000000;\">Dzi\u0119ki Waszej pomocy uda\u0142o si\u0119 ju\u017c trzykrotnie zebra\u0107 fundusze, by polecie\u0107 do Stan\u00f3w Zjednoczonych i uratowa\u0107 nogi Bruna przed amputacj\u0105. Teraz potrzebujemy wsparcia po raz kolejny. <\/span><span style=\"color: #000000;\">W 2020 roku Bruno przeszed\u0142 pierwsze operacje. Doktor wyprostowa\u0142 zdeformowane nogi, u\u017cywaj\u0105c odpowiednich aparat\u00f3w, a tak\u017ce zrekonstruowano stawy. Synek przeszed\u0142 cztery powa\u017cne operacje, co da\u0142o nam iskierk\u0119 nadziei na lepsze jutro. Pi\u0105ta operacja mia\u0142a by\u0107 ulg\u0105 dla Brunona, jednak wyst\u0105pi\u0142a infekcja, a zabieg wi\u0105za\u0142 si\u0119 z przeszczepem sk\u00f3ry z uda. Kolejne dwie operacje mia\u0142y na celu umiejscowienie aparat\u00f3w na nogach w celu ich wyd\u0142u\u017cenia.<\/span><\/p>\r\n<a href=\"https:\/\/dobrowraca-mg.pl\/wp-content\/uploads\/20210122_015555-scaled.jpg\"><img class=\"aligncenter size-medium wp-image-67219\" src=\"https:\/\/dobrowraca-mg.pl\/wp-content\/uploads\/20210122_015555-135x300.jpg\" alt=\"\" width=\"135\" height=\"300\" \/><\/a>\r\n<p style=\"text-align: center;\"><span style=\"color: #000000;\">Po prawie rocznym leczeniu wr\u00f3cili\u015bmy do Polski, gdzie przeprowadzono jedn\u0105 operacj\u0119 \u2013 usuni\u0119cie drutu z nogi. Niestety, nie przynios\u0142o to rezultat\u00f3w i po sze\u015bciu miesi\u0105cach musieli\u015bmy wr\u00f3ci\u0107 do Ameryki, aby skorygowa\u0107 nog\u0119, kt\u00f3ra \u017ale si\u0119 zrasta\u0142a. Dr. Paley zdecydowa\u0142 o zastosowaniu nowego aparatu na jedn\u0105 nog\u0119. <\/span><span style=\"color: #000000;\">Po pi\u0119ciu miesi\u0105cach intensywnej rehabilitacji, gdy Bruno mia\u0142 ju\u017c prost\u0105 nog\u0119, wr\u00f3cili\u015bmy do domu. Nasza rado\u015b\u0107 nie trwa\u0142a jednak d\u0142ugo. Mimo ortezy, Bruno skar\u017cy\u0142 si\u0119 na b\u00f3l lewej nogi, co uniemo\u017cliwi\u0142o mu chodzenie. W zwi\u0105zku z tym 6 grudnia 2022 roku pojechali\u015bmy na wizyt\u0119 do European Paley Institute w Warszawie. Dowiedzieli\u015bmy si\u0119, \u017ce Bruno musi ponownie trafi\u0107 na st\u00f3\u0142 operacyjny. Pe\u0142ni nadziei otworzyli\u015bmy now\u0105 zbi\u00f3rk\u0119, kt\u00f3ra pozwoli\u0142a nam w 2023 roku po raz trzeci polecie\u0107 do Stan\u00f3w Zjednoczonych, aby ratowa\u0107 nogi Bruna.<\/span><\/p>\r\n<a href=\"https:\/\/dobrowraca-mg.pl\/wp-content\/uploads\/20201028_0944420-1_resized-02-scaled.jpeg\"><img class=\"aligncenter size-medium wp-image-11492\" src=\"https:\/\/dobrowraca-mg.pl\/wp-content\/uploads\/20201028_0944420-1_resized-02-204x300.jpeg\" alt=\"\" width=\"204\" height=\"300\" \/><\/a>\r\n<p style=\"text-align: center;\"><span style=\"color: #000000;\">Podczas operacji doktor w\u0142o\u017cy\u0142 drut do lewej nogi a\u017c po kostk\u0119, aby ko\u015bci by\u0142y stabilne podczas chodzenia, a ko\u015b\u0107 udowa, kt\u00f3ra by\u0142a za d\u0142uga, nie naciska\u0142a na cienk\u0105 ko\u015b\u0107 strza\u0142kow\u0105. Operacja przebieg\u0142a szybko i pomy\u015blnie, a Bruno tydzie\u0144 p\u00f3\u017aniej rozpocz\u0105\u0142 rehabilitacj\u0119, kt\u00f3r\u0105 po raz pierwszy przeszed\u0142 bezbole\u015bnie, z rado\u015bci\u0105 chc\u0105c chodzi\u0107 i wzmacnia\u0107 nog\u0119. Na praw\u0105 nog\u0119 zam\u00f3wiono ortez\u0119, poniewa\u017c nie by\u0142o tam wzmocnienia w postaci drutu, co mog\u0142oby prowadzi\u0107 do jej z\u0142amania. Cztery miesi\u0105ce leczenia min\u0119\u0142y bardzo szybko, a Bruno z u\u015bmiechem na twarzy rozpocz\u0105\u0142 swoj\u0105 edukacj\u0119 w zer\u00f3wce.<\/span><\/p>\r\n<p style=\"text-align: center;\"><span style=\"color: #000000;\">Niestety, po kilku miesi\u0105cach, w maju tego roku, pojechali\u015bmy do Warszawy na kontrol\u0119 z doktorem Paleyem. Wiedzia\u0142am, \u017ce nie us\u0142yszymy dobrych wie\u015bci, poniewa\u017c Bruno skar\u017cy\u0142 si\u0119 na b\u00f3l prawej nogi. Jak zawsze wykonano zdj\u0119cia RTG, przeprowadzono d\u0142ugi wywiad i analiz\u0119 przyczyn b\u00f3lu. Kiedy doktor spojrza\u0142 na mnie, wiedzia\u0142am, co zaraz us\u0142ysz\u0119 \u2013 zna\u0142am ten wzrok. <\/span><span style=\"color: #000000;\">Decyzja zapad\u0142a: Bruno musi mie\u0107 drut tak\u017ce w prawej nodze, taki sam jak w lewej. Poczu\u0142am ucisk w sercu, a \u0142zy nap\u0142yn\u0119\u0142y do oczu. Gdy doktor og\u0142osi\u0142, \u017ce moje dziecko po raz dwunasty trafi na st\u00f3\u0142 operacyjny, nie wiedzia\u0142am, co powiedzie\u0107. Po raz kolejny musimy rzuci\u0107 wszystko i lecie\u0107 tysi\u0105ce kilometr\u00f3w od domu, aby uratowa\u0107 nogi Bruna Bez operacji b\u0119dzie cierpia\u0142. Obieca\u0142am mu, \u017ce wygramy i uda nam si\u0119 uratowa\u0107 jego nogi.<\/span><\/p>\r\n<p style=\"text-align: center;\"><span style=\"color: #000000;\">Ka\u017cdy krok sprawia mu b\u00f3l, a codziennie rano, gdy wstaje do szko\u0142y, pyta, kiedy przestanie go bole\u0107. Jako matka, moje serce p\u0119ka, a ja czuj\u0119, \u017ce horror b\u00f3lu i cierpienia wraca. <\/span><span style=\"color: #000000;\">Dlatego przychodz\u0119 do Was z ogromn\u0105 pro\u015bb\u0105 o pomoc. Bez Waszej pomocy nie uda mi si\u0119 dotrzyma\u0107 obietnicy, kt\u00f3r\u0105 powtarzam Brunowi \u2013 \u017ce b\u0119dzie mia\u0142 zdrowe nogi. Bez Waszego wsparcia mo\u017ce wr\u00f3ci\u0107 na w\u00f3zek inwalidzki. <\/span><span style=\"color: #000000;\">Ka\u017cdy krok, kt\u00f3ry dla wielu jest normalno\u015bci\u0105, dla mojego syna jest \u017ar\u00f3d\u0142em b\u00f3lu. Prosz\u0119 Was o wsparcie. Ka\u017cda z\u0142ot\u00f3wka przybli\u017ca nas do celu \u2013 zdrowych n\u00f3g mojego syna.<\/span><\/p>\r\n<p style=\"text-align: center;\"><span style=\"color: #000000;\">Z wyrazami wdzi\u0119czno\u015bci,<\/span><\/p>\r\n<p style=\"text-align: center;\"><span style=\"color: #000000;\">Mama, Nikola.<\/span><\/p>","post_title":"Bruno Waszczuk","post_excerpt":"Operacja albo amputacja! Ratujemy Bruna przed kalectwem!","post_status":"publish","comment_status":"closed","ping_status":"closed","post_password":"","post_name":"bruno","to_ping":"","pinged":"","post_modified":"2025-10-20 12:15:25","post_modified_gmt":"2025-10-20 10:15:25","post_content_filtered":"","post_parent":0,"guid":"https:\/\/dobrowraca-mg.pl\/bruno\/?post_type=product&#038;p=65812","menu_order":0,"post_type":"product","post_mime_type":"","comment_count":"0","filter":"raw"}],"wpcf_project_listing":[{"ID":65812,"post_author":"4","post_date":"2024-02-26 14:11:15","post_date_gmt":"2024-02-26 13:11:15","post_content":"<p style=\"text-align: center;\"><span style=\"color: #000000;\">Bruno przeszed\u0142 ju\u017c 11 operacji swoich n\u00f3\u017cek, a przed nami kolejna operacja w USA w tej trudnej drodze. Je\u015bli nie zd\u0105\u017cymy uzbiera\u0107 pieni\u0119dzy Bruno przejdzie AMPUTACJ\u0118 n\u00f3\u017cki!<\/span><\/p>\r\n<a href=\"https:\/\/dobrowraca-mg.pl\/bruno\/wp-content\/uploads\/image000000.jpg\"><img class=\"aligncenter size-medium wp-image-70176\" src=\"https:\/\/dobrowraca-mg.pl\/bruno\/wp-content\/uploads\/image000000-164x300.jpg\" alt=\"\" width=\"164\" height=\"300\" \/><\/a>\r\n\r\n[embed]https:\/\/youtube.com\/shorts\/M93M6v8xORY?si=uEUt_uLX5Klq5uLf[\/embed]\r\n\r\n<a href=\"https:\/\/dobrowraca-mg.pl\/wp-content\/uploads\/20201028_0944420-1_resized-02-scaled.jpeg\">\u00a0<\/a>\r\n<p style=\"text-align: center;\"><span style=\"color: #000000;\">M\u00f3j 7-letni syn urodzi\u0142 si\u0119 z wrodzon\u0105 wad\u0105 obu n\u00f3g. W Polsce nie by\u0142o dla niego ratunku; proponowano amputacj\u0119. Nie zgodzi\u0142am si\u0119 na to, wiedz\u0105c, \u017ce nasze \u017cycie zamieni si\u0119 w nieustann\u0105 walk\u0119 o jego zdrowie. Nigdy nie straci\u0142am nadziei i uda\u0142o mi si\u0119 znale\u017a\u0107 lekarza, kt\u00f3ry obieca\u0142, \u017ce Bruno b\u0119dzie chodzi\u0142 na swoich nogach. Za oceanem znajduje si\u0119 specjalista, kt\u00f3ry operuje Bruna<\/span><span style=\"color: #000000;\">\u00a0od jego drugiego roku \u017cycia i tylko on mo\u017ce pom\u00f3c mu funkcjonowa\u0107 na w\u0142asnych n\u00f3\u017ckach.<\/span><\/p>\r\n<p style=\"padding-left: 40px; text-align: left;\"><a href=\"https:\/\/dobrowraca-mg.pl\/wp-content\/uploads\/20210311_114919-scaled.jpg\"><img class=\"size-medium wp-image-67218 aligncenter\" src=\"https:\/\/dobrowraca-mg.pl\/wp-content\/uploads\/20210311_114919-225x300.jpg\" alt=\"\" width=\"225\" height=\"300\" \/><\/a><\/p>\r\n<p style=\"text-align: center;\"><span style=\"color: #000000;\">Dzi\u0119ki Waszej pomocy uda\u0142o si\u0119 ju\u017c trzykrotnie zebra\u0107 fundusze, by polecie\u0107 do Stan\u00f3w Zjednoczonych i uratowa\u0107 nogi Bruna przed amputacj\u0105. Teraz potrzebujemy wsparcia po raz kolejny. <\/span><span style=\"color: #000000;\">W 2020 roku Bruno przeszed\u0142 pierwsze operacje. Doktor wyprostowa\u0142 zdeformowane nogi, u\u017cywaj\u0105c odpowiednich aparat\u00f3w, a tak\u017ce zrekonstruowano stawy. Synek przeszed\u0142 cztery powa\u017cne operacje, co da\u0142o nam iskierk\u0119 nadziei na lepsze jutro. Pi\u0105ta operacja mia\u0142a by\u0107 ulg\u0105 dla Brunona, jednak wyst\u0105pi\u0142a infekcja, a zabieg wi\u0105za\u0142 si\u0119 z przeszczepem sk\u00f3ry z uda. Kolejne dwie operacje mia\u0142y na celu umiejscowienie aparat\u00f3w na nogach w celu ich wyd\u0142u\u017cenia.<\/span><\/p>\r\n<a href=\"https:\/\/dobrowraca-mg.pl\/wp-content\/uploads\/20210122_015555-scaled.jpg\"><img class=\"aligncenter size-medium wp-image-67219\" src=\"https:\/\/dobrowraca-mg.pl\/wp-content\/uploads\/20210122_015555-135x300.jpg\" alt=\"\" width=\"135\" height=\"300\" \/><\/a>\r\n<p style=\"text-align: center;\"><span style=\"color: #000000;\">Po prawie rocznym leczeniu wr\u00f3cili\u015bmy do Polski, gdzie przeprowadzono jedn\u0105 operacj\u0119 \u2013 usuni\u0119cie drutu z nogi. Niestety, nie przynios\u0142o to rezultat\u00f3w i po sze\u015bciu miesi\u0105cach musieli\u015bmy wr\u00f3ci\u0107 do Ameryki, aby skorygowa\u0107 nog\u0119, kt\u00f3ra \u017ale si\u0119 zrasta\u0142a. Dr. Paley zdecydowa\u0142 o zastosowaniu nowego aparatu na jedn\u0105 nog\u0119. <\/span><span style=\"color: #000000;\">Po pi\u0119ciu miesi\u0105cach intensywnej rehabilitacji, gdy Bruno mia\u0142 ju\u017c prost\u0105 nog\u0119, wr\u00f3cili\u015bmy do domu. Nasza rado\u015b\u0107 nie trwa\u0142a jednak d\u0142ugo. Mimo ortezy, Bruno skar\u017cy\u0142 si\u0119 na b\u00f3l lewej nogi, co uniemo\u017cliwi\u0142o mu chodzenie. W zwi\u0105zku z tym 6 grudnia 2022 roku pojechali\u015bmy na wizyt\u0119 do European Paley Institute w Warszawie. Dowiedzieli\u015bmy si\u0119, \u017ce Bruno musi ponownie trafi\u0107 na st\u00f3\u0142 operacyjny. Pe\u0142ni nadziei otworzyli\u015bmy now\u0105 zbi\u00f3rk\u0119, kt\u00f3ra pozwoli\u0142a nam w 2023 roku po raz trzeci polecie\u0107 do Stan\u00f3w Zjednoczonych, aby ratowa\u0107 nogi Bruna.<\/span><\/p>\r\n<a href=\"https:\/\/dobrowraca-mg.pl\/wp-content\/uploads\/20201028_0944420-1_resized-02-scaled.jpeg\"><img class=\"aligncenter size-medium wp-image-11492\" src=\"https:\/\/dobrowraca-mg.pl\/wp-content\/uploads\/20201028_0944420-1_resized-02-204x300.jpeg\" alt=\"\" width=\"204\" height=\"300\" \/><\/a>\r\n<p style=\"text-align: center;\"><span style=\"color: #000000;\">Podczas operacji doktor w\u0142o\u017cy\u0142 drut do lewej nogi a\u017c po kostk\u0119, aby ko\u015bci by\u0142y stabilne podczas chodzenia, a ko\u015b\u0107 udowa, kt\u00f3ra by\u0142a za d\u0142uga, nie naciska\u0142a na cienk\u0105 ko\u015b\u0107 strza\u0142kow\u0105. Operacja przebieg\u0142a szybko i pomy\u015blnie, a Bruno tydzie\u0144 p\u00f3\u017aniej rozpocz\u0105\u0142 rehabilitacj\u0119, kt\u00f3r\u0105 po raz pierwszy przeszed\u0142 bezbole\u015bnie, z rado\u015bci\u0105 chc\u0105c chodzi\u0107 i wzmacnia\u0107 nog\u0119. Na praw\u0105 nog\u0119 zam\u00f3wiono ortez\u0119, poniewa\u017c nie by\u0142o tam wzmocnienia w postaci drutu, co mog\u0142oby prowadzi\u0107 do jej z\u0142amania. Cztery miesi\u0105ce leczenia min\u0119\u0142y bardzo szybko, a Bruno z u\u015bmiechem na twarzy rozpocz\u0105\u0142 swoj\u0105 edukacj\u0119 w zer\u00f3wce.<\/span><\/p>\r\n<p style=\"text-align: center;\"><span style=\"color: #000000;\">Niestety, po kilku miesi\u0105cach, w maju tego roku, pojechali\u015bmy do Warszawy na kontrol\u0119 z doktorem Paleyem. Wiedzia\u0142am, \u017ce nie us\u0142yszymy dobrych wie\u015bci, poniewa\u017c Bruno skar\u017cy\u0142 si\u0119 na b\u00f3l prawej nogi. Jak zawsze wykonano zdj\u0119cia RTG, przeprowadzono d\u0142ugi wywiad i analiz\u0119 przyczyn b\u00f3lu. Kiedy doktor spojrza\u0142 na mnie, wiedzia\u0142am, co zaraz us\u0142ysz\u0119 \u2013 zna\u0142am ten wzrok. <\/span><span style=\"color: #000000;\">Decyzja zapad\u0142a: Bruno musi mie\u0107 drut tak\u017ce w prawej nodze, taki sam jak w lewej. Poczu\u0142am ucisk w sercu, a \u0142zy nap\u0142yn\u0119\u0142y do oczu. Gdy doktor og\u0142osi\u0142, \u017ce moje dziecko po raz dwunasty trafi na st\u00f3\u0142 operacyjny, nie wiedzia\u0142am, co powiedzie\u0107. Po raz kolejny musimy rzuci\u0107 wszystko i lecie\u0107 tysi\u0105ce kilometr\u00f3w od domu, aby uratowa\u0107 nogi Bruna Bez operacji b\u0119dzie cierpia\u0142. Obieca\u0142am mu, \u017ce wygramy i uda nam si\u0119 uratowa\u0107 jego nogi.<\/span><\/p>\r\n<p style=\"text-align: center;\"><span style=\"color: #000000;\">Ka\u017cdy krok sprawia mu b\u00f3l, a codziennie rano, gdy wstaje do szko\u0142y, pyta, kiedy przestanie go bole\u0107. Jako matka, moje serce p\u0119ka, a ja czuj\u0119, \u017ce horror b\u00f3lu i cierpienia wraca. <\/span><span style=\"color: #000000;\">Dlatego przychodz\u0119 do Was z ogromn\u0105 pro\u015bb\u0105 o pomoc. Bez Waszej pomocy nie uda mi si\u0119 dotrzyma\u0107 obietnicy, kt\u00f3r\u0105 powtarzam Brunowi \u2013 \u017ce b\u0119dzie mia\u0142 zdrowe nogi. Bez Waszego wsparcia mo\u017ce wr\u00f3ci\u0107 na w\u00f3zek inwalidzki. <\/span><span style=\"color: #000000;\">Ka\u017cdy krok, kt\u00f3ry dla wielu jest normalno\u015bci\u0105, dla mojego syna jest \u017ar\u00f3d\u0142em b\u00f3lu. Prosz\u0119 Was o wsparcie. Ka\u017cda z\u0142ot\u00f3wka przybli\u017ca nas do celu \u2013 zdrowych n\u00f3g mojego syna.<\/span><\/p>\r\n<p style=\"text-align: center;\"><span style=\"color: #000000;\">Z wyrazami wdzi\u0119czno\u015bci,<\/span><\/p>\r\n<p style=\"text-align: center;\"><span style=\"color: #000000;\">Mama, Nikola.<\/span><\/p>","post_title":"Bruno Waszczuk","post_excerpt":"Operacja albo amputacja! Ratujemy Bruna przed kalectwem!","post_status":"publish","comment_status":"closed","ping_status":"closed","post_password":"","post_name":"bruno","to_ping":"","pinged":"","post_modified":"2025-10-20 12:15:25","post_modified_gmt":"2025-10-20 10:15:25","post_content_filtered":"","post_parent":0,"guid":"https:\/\/dobrowraca-mg.pl\/bruno\/?post_type=product&#038;p=65812","menu_order":0,"post_type":"product","post_mime_type":"","comment_count":"0","filter":"raw"}],"_links":{"self":[{"href":"https:\/\/dobrowraca-mg.pl\/bruno\/wp-json\/wp\/v2\/product\/65812","targetHints":{"allow":["GET"]}}],"collection":[{"href":"https:\/\/dobrowraca-mg.pl\/bruno\/wp-json\/wp\/v2\/product"}],"about":[{"href":"https:\/\/dobrowraca-mg.pl\/bruno\/wp-json\/wp\/v2\/types\/product"}],"wp:featuredmedia":[{"embeddable":true,"href":"https:\/\/dobrowraca-mg.pl\/bruno\/wp-json\/wp\/v2\/media\/11806"}],"wp:attachment":[{"href":"https:\/\/dobrowraca-mg.pl\/bruno\/wp-json\/wp\/v2\/media?parent=65812"}],"wp:term":[{"taxonomy":"product_cat","embeddable":true,"href":"https:\/\/dobrowraca-mg.pl\/bruno\/wp-json\/wp\/v2\/product_cat?post=65812"},{"taxonomy":"product_tag","embeddable":true,"href":"https:\/\/dobrowraca-mg.pl\/bruno\/wp-json\/wp\/v2\/product_tag?post=65812"}],"curies":[{"name":"wp","href":"https:\/\/api.w.org\/{rel}","templated":true}]}}