{"id":65812,"date":"2024-11-21T00:44:15","date_gmt":"2024-11-20T23:44:15","guid":{"rendered":"https:\/\/dobrowraca-mg.pl\/marcelina\/?post_type=product&#038;p=65812"},"modified":"2025-02-19T17:48:58","modified_gmt":"2025-02-19T16:48:58","slug":"marcelina","status":"publish","type":"product","link":"https:\/\/dobrowraca-mg.pl\/marcelina\/podopieczny\/marcelina\/","title":{"rendered":"Marcelina Biernacka"},"content":{"rendered":"<p style=\"text-align: center;\"><span style=\"color: #ff0000;\">Marcelinka z ma\u0142ej miejscowo\u015bci \u015aniadowo &#8211; obok Mr\u0105gowa musi przej\u015b\u0107 piln\u0105 operacje wyd\u0142u\u017cania n\u00f3\u017cki. Je\u015bli nie zd\u0105\u017cymy uzbiera\u0107 pieni\u0119dzy, dziewczynka b\u0119dzie skazana na amputacj\u0119.\u00a0<\/span><\/p>\n<div style=\"width: 640px;\" class=\"wp-video\"><!--[if lt IE 9]><script>document.createElement('video');<\/script><![endif]-->\n<video class=\"wp-video-shortcode\" id=\"video-65812-1\" width=\"640\" height=\"853\" preload=\"metadata\" controls=\"controls\"><source type=\"video\/mp4\" src=\"https:\/\/dobrowraca-mg.pl\/marcelina\/wp-content\/uploads\/YouCut_20220419_164346913.mp4?_=1\" \/><a href=\"https:\/\/dobrowraca-mg.pl\/marcelina\/wp-content\/uploads\/YouCut_20220419_164346913.mp4\">https:\/\/dobrowraca-mg.pl\/marcelina\/wp-content\/uploads\/YouCut_20220419_164346913.mp4<\/a><\/video><\/div>\n<p>&nbsp;<\/p>\n<p style=\"text-align: center;\"><span style=\"color: #000000;\">Ka\u017cde dziecko zas\u0142uguje na szans\u0119 na zdrowe i pe\u0142ne \u017cycie. Kiedy w czasie ci\u0105\u017cy pojawi\u0142a si\u0119 informacja o wadzie n\u00f3\u017cki, pojawi\u0142 si\u0119 strach i niepewno\u015b\u0107. Z ka\u017cdym dniem rodzi\u0142y si\u0119 pytania o przysz\u0142o\u015b\u0107, a w sercu pojawi\u0142a si\u0119 determinacja, aby znale\u017a\u0107 najlepsze rozwi\u0105zanie<\/span>.<\/p>\n<p style=\"text-align: center;\"><span style=\"color: #000000;\">Marcelinka, kt\u00f3ra przysz\u0142a na \u015bwiat 22 kwietnia 2019r\u00a0 mia\u0142a powa\u017cn\u0105 wad\u0119 wrodzon\u0105. Prawa n\u00f3\u017cka by\u0142a znacznie kr\u00f3tsza od lewej, a dodatkowe paluszki sprawia\u0142y, \u017ce jej przysz\u0142o\u015b\u0107 wydawa\u0142a si\u0119 niepewna. Lekarze, mimo ogromnej wiedzy, proponowali amputacj\u0119 jako jedyne wyj\u015bcie. To jednak nie by\u0142o rozwi\u0105zanie, kt\u00f3re mog\u0142o by\u0107 zaakceptowane. Zamiast podda\u0107 si\u0119 bez walki, rozpocz\u0119to poszukiwania pomocy. Internet sta\u0142 si\u0119 \u017ar\u00f3d\u0142em nadziei, a w\u015br\u00f3d wielu informacji znalaz\u0142 si\u0119 kontakt do dr Paleya, specjalisty od skomplikowanych przypadk\u00f3w, kt\u00f3ry pom\u00f3g\u0142 ju\u017c wielu dzieciom w podobnej sytuacji.<\/span><\/p>\n<p><a href=\"https:\/\/dobrowraca-mg.pl\/marcelina\/wp-content\/uploads\/FB_IMG_1649093815818.jpg\"><img loading=\"lazy\" decoding=\"async\" class=\"aligncenter size-medium wp-image-20866\" src=\"https:\/\/dobrowraca-mg.pl\/marcelina\/wp-content\/uploads\/FB_IMG_1649093815818-241x300.jpg\" alt=\"\" width=\"241\" height=\"300\" srcset=\"https:\/\/dobrowraca-mg.pl\/marcelina\/wp-content\/uploads\/FB_IMG_1649093815818-241x300.jpg 241w, https:\/\/dobrowraca-mg.pl\/marcelina\/wp-content\/uploads\/FB_IMG_1649093815818-821x1024.jpg 821w, https:\/\/dobrowraca-mg.pl\/marcelina\/wp-content\/uploads\/FB_IMG_1649093815818-768x958.jpg 768w, https:\/\/dobrowraca-mg.pl\/marcelina\/wp-content\/uploads\/FB_IMG_1649093815818-760x948.jpg 760w, https:\/\/dobrowraca-mg.pl\/marcelina\/wp-content\/uploads\/FB_IMG_1649093815818.jpg 1080w\" sizes=\"auto, (max-width: 241px) 100vw, 241px\" \/><\/a><\/p>\n<p style=\"text-align: center;\"><span style=\"color: #000000;\">Pierwsza operacja, kt\u00f3ra mia\u0142a miejsce 22 sierpnia 2020 roku, by\u0142a kluczowym momentem w \u017cyciu Marcelinki. Dzi\u0119ki zaawansowanej rekonstrukcji n\u00f3\u017cki oraz usuni\u0119ciu dodatkowych paluszk\u00f3w, otworzy\u0142y si\u0119 nowe mo\u017cliwo\u015bci. Jednak to by\u0142 dopiero pocz\u0105tek d\u0142ugiej i trudnej drogi. Kolejne operacje, w tym wyd\u0142u\u017cenie n\u00f3\u017cki, by\u0142y niezb\u0119dne, aby zapewni\u0107 jej sprawno\u015b\u0107 i mo\u017cliwo\u015b\u0107 samodzielnego poruszania si\u0119. Ka\u017cda z operacji by\u0142a krokiem w stron\u0119 lepszej przysz\u0142o\u015bci, a determinacja zar\u00f3wno ma\u0142ej pacjentki, jak i jej rodziny by\u0142a nieoceniona.<\/span><\/p>\n<p><a href=\"https:\/\/dobrowraca-mg.pl\/marcelina\/wp-content\/uploads\/big_ad22ed9a-dc33-460f-9d5f-5a1b945626df.jpg\"><img loading=\"lazy\" decoding=\"async\" class=\"aligncenter size-medium wp-image-20865\" src=\"https:\/\/dobrowraca-mg.pl\/marcelina\/wp-content\/uploads\/big_ad22ed9a-dc33-460f-9d5f-5a1b945626df-300x225.jpg\" alt=\"\" width=\"300\" height=\"225\" srcset=\"https:\/\/dobrowraca-mg.pl\/marcelina\/wp-content\/uploads\/big_ad22ed9a-dc33-460f-9d5f-5a1b945626df-300x225.jpg 300w, https:\/\/dobrowraca-mg.pl\/marcelina\/wp-content\/uploads\/big_ad22ed9a-dc33-460f-9d5f-5a1b945626df.jpg 650w\" sizes=\"auto, (max-width: 300px) 100vw, 300px\" \/><\/a><\/p>\n<p style=\"text-align: center;\"><span style=\"color: #000000;\">Koszty zwi\u0105zane z leczeniem i rehabilitacj\u0105 by\u0142y ogromne, co dodatkowo obci\u0105\u017ca\u0142o rodzinny bud\u017cet. Jednak nie mo\u017cna by\u0142o pozwoli\u0107, aby finansowe trudno\u015bci zablokowa\u0142y drog\u0119 do zdrowia. Dzi\u0119ki wsparciu wielu ludzi, Marcelinka mog\u0142a przej\u015b\u0107 kolejne operacje, kt\u00f3re zbli\u017ca\u0142y j\u0105 do celu. Ka\u017cdy z darczy\u0144c\u00f3w sta\u0142 si\u0119 cz\u0119\u015bci\u0105 tej walki, a ich pomoc mia\u0142a kluczowe znaczenie w d\u0105\u017ceniu do pe\u0142nej sprawno\u015bci.<\/span><\/p>\n<p><a href=\"https:\/\/dobrowraca-mg.pl\/marcelina\/wp-content\/uploads\/w75gb7-scaled.jpg\"><img loading=\"lazy\" decoding=\"async\" class=\"aligncenter size-medium wp-image-20879\" src=\"https:\/\/dobrowraca-mg.pl\/marcelina\/wp-content\/uploads\/w75gb7-150x300.jpg\" alt=\"\" width=\"150\" height=\"300\" srcset=\"https:\/\/dobrowraca-mg.pl\/marcelina\/wp-content\/uploads\/w75gb7-150x300.jpg 150w, https:\/\/dobrowraca-mg.pl\/marcelina\/wp-content\/uploads\/w75gb7-511x1024.jpg 511w, https:\/\/dobrowraca-mg.pl\/marcelina\/wp-content\/uploads\/w75gb7-768x1538.jpg 768w, https:\/\/dobrowraca-mg.pl\/marcelina\/wp-content\/uploads\/w75gb7-767x1536.jpg 767w, https:\/\/dobrowraca-mg.pl\/marcelina\/wp-content\/uploads\/w75gb7-1023x2048.jpg 1023w, https:\/\/dobrowraca-mg.pl\/marcelina\/wp-content\/uploads\/w75gb7-760x1522.jpg 760w, https:\/\/dobrowraca-mg.pl\/marcelina\/wp-content\/uploads\/w75gb7-scaled.jpg 1278w\" sizes=\"auto, (max-width: 150px) 100vw, 150px\" \/><\/a><\/p>\n<p style=\"text-align: center;\"><span style=\"color: #000000;\">Na ko\u0144cu tej trudnej drogi wci\u0105\u017c pozostaje wiele wyzwa\u0144. Kolejne operacje s\u0105 konieczne, aby zniwelowa\u0107 r\u00f3\u017cnic\u0119 w d\u0142ugo\u015bci n\u00f3\u017cek i zapewni\u0107 Marcelince jak najlepsze \u017cycie. Mimo trudno\u015bci, nie mo\u017cna traci\u0107 nadziei, a walka o lepsz\u0105 przysz\u0142o\u015b\u0107 powinna by\u0107 kontynuowana. Ka\u017cda pomoc, niewa\u017cne jak ma\u0142a, ma znaczenie. R\u0119ka podana w trudnych chwilach potrafi zdzia\u0142a\u0107 cuda. Dlatego apelujemy do wszystkich, aby nie pozostawali oboj\u0119tni wobec Marcelinki. Razem mo\u017cna osi\u0105gn\u0105\u0107 wi\u0119cej, a Marcela zas\u0142uguje na pe\u0142ne, radosne<\/span> <span style=\"color: #000000;\">\u017cycie<\/span>.<\/p>\n","protected":false},"excerpt":{"rendered":"<p>Skazana na AMPUTACJ\u0118 n\u00f3\u017cki!<\/p>\n","protected":false},"featured_media":67057,"template":"","meta":[],"product_cat":[16],"product_tag":[50],"class_list":["post-65812","product","type-product","status-publish","has-post-thumbnail","hentry","product_cat-bez-kategorii","product_tag-marcelinka-wadawrodzona-walczymyozdrowie-operacje-rehabilitacja-pomocdladzieci-nadzieja-rodzicielstwo-milosc-wsparcie"],"column":"3","wpcf_product":{"display_name":"Mari m ","location":"Polska","funding_goal":"176000","total_raised":"190090","raised_percent":"100%","desc":"Marcelinka z ma\u0142ej m","days_remaining":0,"product_thumb":"<img width=\"400\" height=\"533\" src=\"https:\/\/dobrowraca-mg.pl\/marcelina\/wp-content\/uploads\/20220419_112551-01-1-scaled-1-400x533.jpeg\" class=\"attachment-woocommerce_thumbnail size-woocommerce_thumbnail\" alt=\"\" decoding=\"async\" loading=\"lazy\" srcset=\"https:\/\/dobrowraca-mg.pl\/marcelina\/wp-content\/uploads\/20220419_112551-01-1-scaled-1-400x533.jpeg 400w, https:\/\/dobrowraca-mg.pl\/marcelina\/wp-content\/uploads\/20220419_112551-01-1-scaled-1-225x300.jpeg 225w, https:\/\/dobrowraca-mg.pl\/marcelina\/wp-content\/uploads\/20220419_112551-01-1-scaled-1-768x1024.jpeg 768w, https:\/\/dobrowraca-mg.pl\/marcelina\/wp-content\/uploads\/20220419_112551-01-1-scaled-1-1152x1536.jpeg 1152w, https:\/\/dobrowraca-mg.pl\/marcelina\/wp-content\/uploads\/20220419_112551-01-1-scaled-1-1536x2048.jpeg 1536w, https:\/\/dobrowraca-mg.pl\/marcelina\/wp-content\/uploads\/20220419_112551-01-1-scaled-1-760x1013.jpeg 760w, https:\/\/dobrowraca-mg.pl\/marcelina\/wp-content\/uploads\/20220419_112551-01-1-scaled-1.jpeg 1920w\" sizes=\"auto, (max-width: 400px) 100vw, 400px\" \/>"},"wpcf_dashboard":"<div class=\"woocommerce\"><div class=\"woocommerce-info\">Please log in first? <a class=\"wpneoShowLogin\" href=\"#\">Click here to login<\/a><\/div><div class=\"wpneo_login_form_div\" style=\"display: none;\"><form name=\"loginform\" id=\"loginform\" action=\"https:\/\/dobrowraca-mg.pl\/marcelina\/wp-login.php\" method=\"post\"><p class=\"login-username\">\n\t\t\t\t<label for=\"user_login\">Nazwa u\u017cytkownika lub adres e-mail<\/label>\n\t\t\t\t<input type=\"text\" name=\"log\" id=\"user_login\" autocomplete=\"username\" class=\"input\" value=\"\" size=\"20\" \/>\n\t\t\t<\/p><p class=\"login-password\">\n\t\t\t\t<label for=\"user_pass\">Has\u0142o<\/label>\n\t\t\t\t<input type=\"password\" name=\"pwd\" id=\"user_pass\" autocomplete=\"current-password\" spellcheck=\"false\" class=\"input\" value=\"\" size=\"20\" \/>\n\t\t\t<\/p><p class=\"login-remember\"><label><input name=\"rememberme\" type=\"checkbox\" id=\"rememberme\" value=\"forever\" \/> Zapami\u0119taj mnie<\/label><\/p><p class=\"login-submit\">\n\t\t\t\t<input type=\"submit\" name=\"wp-submit\" id=\"wp-submit\" class=\"button button-primary\" value=\"Zaloguj si\u0119\" \/>\n\t\t\t\t<input type=\"hidden\" name=\"redirect_to\" value=\"https:\/\/dobrowraca-mg.pl\/marcelina\/wp-json\/wp\/v2\/product\/65812\" \/>\n\t\t\t<\/p><\/form><\/div><\/div>","wpcf_single_campaign":"\n<div class=\"wpneo-wrapper\">\n    <div class=\"wpneocf-container\">\n        <div id=\"primary\" class=\"content-area\">\n            <div id=\"content\" class=\"site-content\" role=\"main\">\n                <div class=\"wpneo-list-details\">\n\n\t\t\t\t\t                    <div itemscope itemtype=\"http:\/\/schema.org\/ItemList\" id=\"campaign-65812\" class=\"post-65812 product type-product status-publish has-post-thumbnail hentry product_cat-bez-kategorii product_tag-marcelinka-wadawrodzona-walczymyozdrowie-operacje-rehabilitacja-pomocdladzieci-nadzieja-rodzicielstwo-milosc-wsparcie\">\n\t\t\t\t\t\t<div class=\"wpneo-campaign-single-left-info\">\n            <div class=\"woocommerce-product-gallery woocommerce-product-gallery--with-images woocommerce-product-gallery--columns-4 images\" data-columns=\"4\" style=\"opacity: 0; transition: opacity .25s ease-in-out;\">\n            <figure class=\"woocommerce-product-gallery__wrapper\">\n                <div data-thumb=\"https:\/\/dobrowraca-mg.pl\/marcelina\/wp-content\/uploads\/20220419_112551-01-1-scaled-1-100x100.jpeg\" class=\"woocommerce-product-gallery__image\"><a itemprop=\"image\" class=\"woocommerce-main-image cloud-zoom\" href=\"https:\/\/dobrowraca-mg.pl\/marcelina\/wp-content\/uploads\/20220419_112551-01-1-scaled-1.jpeg\"><img width=\"760\" height=\"1013\" src=\"https:\/\/dobrowraca-mg.pl\/marcelina\/wp-content\/uploads\/20220419_112551-01-1-scaled-1-760x1013.jpeg\" class=\"attachment-shop_single size-shop_single wp-post-image\" alt=\"\" title=\"\" data-src=\"https:\/\/dobrowraca-mg.pl\/marcelina\/wp-content\/uploads\/20220419_112551-01-1-scaled-1.jpeg\" data-large_image=\"https:\/\/dobrowraca-mg.pl\/marcelina\/wp-content\/uploads\/20220419_112551-01-1-scaled-1.jpeg\" data-large_image_width=\"1920\" data-large_image_height=\"2560\" decoding=\"async\" loading=\"lazy\" srcset=\"https:\/\/dobrowraca-mg.pl\/marcelina\/wp-content\/uploads\/20220419_112551-01-1-scaled-1-760x1013.jpeg 760w, https:\/\/dobrowraca-mg.pl\/marcelina\/wp-content\/uploads\/20220419_112551-01-1-scaled-1-225x300.jpeg 225w, https:\/\/dobrowraca-mg.pl\/marcelina\/wp-content\/uploads\/20220419_112551-01-1-scaled-1-768x1024.jpeg 768w, https:\/\/dobrowraca-mg.pl\/marcelina\/wp-content\/uploads\/20220419_112551-01-1-scaled-1-1152x1536.jpeg 1152w, https:\/\/dobrowraca-mg.pl\/marcelina\/wp-content\/uploads\/20220419_112551-01-1-scaled-1-1536x2048.jpeg 1536w, https:\/\/dobrowraca-mg.pl\/marcelina\/wp-content\/uploads\/20220419_112551-01-1-scaled-1-400x533.jpeg 400w, https:\/\/dobrowraca-mg.pl\/marcelina\/wp-content\/uploads\/20220419_112551-01-1-scaled-1.jpeg 1920w\" sizes=\"auto, (max-width: 760px) 100vw, 760px\" \/><\/a><\/div>            <\/figure>\n        <\/div>\n        <div style=\"clear: both\"><\/div>\n<div class=\"wpneo-single-short-description\">\n    <h2>Short Story<\/h2>\n    <div itemprop=\"description\">\n        <p>Skazana na AMPUTACJ\u0118 n\u00f3\u017cki!<\/p>\n    <\/div>\n<\/div>\n<\/div>                        <div class=\"wpneo-campaign-summary\">\n                            <div class=\"wpneo-campaign-summary-inner\" itemscope itemtype=\"http:\/\/schema.org\/DonateAction\">\n\t\t\t\t\t\t\t\t<h2 class=\"wpneo-campaign-title\">Marcelina Biernacka<\/h2><p class=\"wpneo-author-info\">\n    by    <a href=\"javascript:;\" data-author=\"4\" class=\"wpneo-fund-modal-btn\">Mari m <\/a>\n<\/p><div class=\"woocommerce\"><\/div>\n<div class=\"campaign-funding-info\">\n    <div class=\"wpneo-target\">\n        <span class=\"info-text\">Cel:<\/span>\n        <p class=\"funding-amount\">\n            <span class=\"woocommerce-Price-amount amount\"><bdi>176000,00&nbsp;<span class=\"woocommerce-Price-currencySymbol\">&#122;&#322;<\/span><\/bdi><\/span>        <\/p>\n    <\/div>\n        <div class=\"wpneo-raised-percent\">\n        <div class=\"wpneo-meta-desc\" >100%<\/div>\n    <\/div>\n    <div class=\"wpneo-raised-bar\">\n        <div id=\"neo-progressbar\">\n                        <div style=\"width: 100%\"><\/div>\n        <\/div>\n    <\/div>\n    <div class=\"wpneo-collected\">\n        <span class=\"info-text\">Uda\u0142o si\u0119 zebra\u0107: <\/span>\n        <p class=\"funding-amount\"><span class=\"woocommerce-Price-amount amount\"><bdi>190090,00&nbsp;<span class=\"woocommerce-Price-currencySymbol\">&#122;&#322;<\/span><\/bdi><\/span><\/p>\n    <\/div>\n<\/div>\n<div class=\"wpneo-raised-percent\">\n    <div class=\"wpneo-meta-name\">Raised Percent :<\/div>\n    <div class=\"wpneo-meta-desc\" >100%<\/div>\n<\/div>\n<div class=\"wpneo-raised-bar\">\n    <div id=\"neo-progressbar\">\n                <div style=\"width: 100%\"><\/div>\n    <\/div>\n<\/div><div class=\"wpneo-single-sidebar ASA\">\n\tZbi\u00f3rka zako\u0144czona sukcesem.<\/div>\n<div class=\"wpneo-campaign-creator-info-wrapper\">\n\n<\/div>                            <\/div><!-- .wpneo-campaign-summary-inner -->\n                        <\/div><!-- .wpneo-campaign-summary -->\n\t\t\t\t\t\t\n    <div class=\"wpneo-tabs\">\n        <ul class=\"wpneo-tabs-menu\">\n                            <li class=\"wpneo-current description_tab\">\n                    <a href=\"#wpneo-tab-description\">Campaign Story<\/a>\n                <\/li>\n                    <\/ul>\n        <div class=\"wpneo-tab\">\n                            <div id=\"wpneo-tab-description\" class=\"wpneo-tab-content\">\n                    \n    <div class=\"tab-description tab_col_9 tab-campaign-story-left\">\n        <h2>Campaign Story<\/h2>\n        <p style=\"text-align: center;\"><span style=\"color: #ff0000;\">Marcelinka z ma\u0142ej miejscowo\u015bci \u015aniadowo &#8211; obok Mr\u0105gowa musi przej\u015b\u0107 piln\u0105 operacje wyd\u0142u\u017cania n\u00f3\u017cki. Je\u015bli nie zd\u0105\u017cymy uzbiera\u0107 pieni\u0119dzy, dziewczynka b\u0119dzie skazana na amputacj\u0119.\u00a0<\/span><\/p>\n<div style=\"width: 640px;\" class=\"wp-video\"><video class=\"wp-video-shortcode\" id=\"video-65812-2\" width=\"640\" height=\"853\" preload=\"metadata\" controls=\"controls\"><source type=\"video\/mp4\" src=\"https:\/\/dobrowraca-mg.pl\/marcelina\/wp-content\/uploads\/YouCut_20220419_164346913.mp4?_=2\" \/><a href=\"https:\/\/dobrowraca-mg.pl\/marcelina\/wp-content\/uploads\/YouCut_20220419_164346913.mp4\">https:\/\/dobrowraca-mg.pl\/marcelina\/wp-content\/uploads\/YouCut_20220419_164346913.mp4<\/a><\/video><\/div>\n<p>&nbsp;<\/p>\n<p style=\"text-align: center;\"><span style=\"color: #000000;\">Ka\u017cde dziecko zas\u0142uguje na szans\u0119 na zdrowe i pe\u0142ne \u017cycie. Kiedy w czasie ci\u0105\u017cy pojawi\u0142a si\u0119 informacja o wadzie n\u00f3\u017cki, pojawi\u0142 si\u0119 strach i niepewno\u015b\u0107. Z ka\u017cdym dniem rodzi\u0142y si\u0119 pytania o przysz\u0142o\u015b\u0107, a w sercu pojawi\u0142a si\u0119 determinacja, aby znale\u017a\u0107 najlepsze rozwi\u0105zanie<\/span>.<\/p>\n<p style=\"text-align: center;\"><span style=\"color: #000000;\">Marcelinka, kt\u00f3ra przysz\u0142a na \u015bwiat 22 kwietnia 2019r\u00a0 mia\u0142a powa\u017cn\u0105 wad\u0119 wrodzon\u0105. Prawa n\u00f3\u017cka by\u0142a znacznie kr\u00f3tsza od lewej, a dodatkowe paluszki sprawia\u0142y, \u017ce jej przysz\u0142o\u015b\u0107 wydawa\u0142a si\u0119 niepewna. Lekarze, mimo ogromnej wiedzy, proponowali amputacj\u0119 jako jedyne wyj\u015bcie. To jednak nie by\u0142o rozwi\u0105zanie, kt\u00f3re mog\u0142o by\u0107 zaakceptowane. Zamiast podda\u0107 si\u0119 bez walki, rozpocz\u0119to poszukiwania pomocy. Internet sta\u0142 si\u0119 \u017ar\u00f3d\u0142em nadziei, a w\u015br\u00f3d wielu informacji znalaz\u0142 si\u0119 kontakt do dr Paleya, specjalisty od skomplikowanych przypadk\u00f3w, kt\u00f3ry pom\u00f3g\u0142 ju\u017c wielu dzieciom w podobnej sytuacji.<\/span><\/p>\n<p><a href=\"https:\/\/dobrowraca-mg.pl\/marcelina\/wp-content\/uploads\/FB_IMG_1649093815818.jpg\"><img loading=\"lazy\" decoding=\"async\" class=\"aligncenter size-medium wp-image-20866\" src=\"https:\/\/dobrowraca-mg.pl\/marcelina\/wp-content\/uploads\/FB_IMG_1649093815818-241x300.jpg\" alt=\"\" width=\"241\" height=\"300\" srcset=\"https:\/\/dobrowraca-mg.pl\/marcelina\/wp-content\/uploads\/FB_IMG_1649093815818-241x300.jpg 241w, https:\/\/dobrowraca-mg.pl\/marcelina\/wp-content\/uploads\/FB_IMG_1649093815818-821x1024.jpg 821w, https:\/\/dobrowraca-mg.pl\/marcelina\/wp-content\/uploads\/FB_IMG_1649093815818-768x958.jpg 768w, https:\/\/dobrowraca-mg.pl\/marcelina\/wp-content\/uploads\/FB_IMG_1649093815818-760x948.jpg 760w, https:\/\/dobrowraca-mg.pl\/marcelina\/wp-content\/uploads\/FB_IMG_1649093815818.jpg 1080w\" sizes=\"auto, (max-width: 241px) 100vw, 241px\" \/><\/a><\/p>\n<p style=\"text-align: center;\"><span style=\"color: #000000;\">Pierwsza operacja, kt\u00f3ra mia\u0142a miejsce 22 sierpnia 2020 roku, by\u0142a kluczowym momentem w \u017cyciu Marcelinki. Dzi\u0119ki zaawansowanej rekonstrukcji n\u00f3\u017cki oraz usuni\u0119ciu dodatkowych paluszk\u00f3w, otworzy\u0142y si\u0119 nowe mo\u017cliwo\u015bci. Jednak to by\u0142 dopiero pocz\u0105tek d\u0142ugiej i trudnej drogi. Kolejne operacje, w tym wyd\u0142u\u017cenie n\u00f3\u017cki, by\u0142y niezb\u0119dne, aby zapewni\u0107 jej sprawno\u015b\u0107 i mo\u017cliwo\u015b\u0107 samodzielnego poruszania si\u0119. Ka\u017cda z operacji by\u0142a krokiem w stron\u0119 lepszej przysz\u0142o\u015bci, a determinacja zar\u00f3wno ma\u0142ej pacjentki, jak i jej rodziny by\u0142a nieoceniona.<\/span><\/p>\n<p><a href=\"https:\/\/dobrowraca-mg.pl\/marcelina\/wp-content\/uploads\/big_ad22ed9a-dc33-460f-9d5f-5a1b945626df.jpg\"><img loading=\"lazy\" decoding=\"async\" class=\"aligncenter size-medium wp-image-20865\" src=\"https:\/\/dobrowraca-mg.pl\/marcelina\/wp-content\/uploads\/big_ad22ed9a-dc33-460f-9d5f-5a1b945626df-300x225.jpg\" alt=\"\" width=\"300\" height=\"225\" srcset=\"https:\/\/dobrowraca-mg.pl\/marcelina\/wp-content\/uploads\/big_ad22ed9a-dc33-460f-9d5f-5a1b945626df-300x225.jpg 300w, https:\/\/dobrowraca-mg.pl\/marcelina\/wp-content\/uploads\/big_ad22ed9a-dc33-460f-9d5f-5a1b945626df.jpg 650w\" sizes=\"auto, (max-width: 300px) 100vw, 300px\" \/><\/a><\/p>\n<p style=\"text-align: center;\"><span style=\"color: #000000;\">Koszty zwi\u0105zane z leczeniem i rehabilitacj\u0105 by\u0142y ogromne, co dodatkowo obci\u0105\u017ca\u0142o rodzinny bud\u017cet. Jednak nie mo\u017cna by\u0142o pozwoli\u0107, aby finansowe trudno\u015bci zablokowa\u0142y drog\u0119 do zdrowia. Dzi\u0119ki wsparciu wielu ludzi, Marcelinka mog\u0142a przej\u015b\u0107 kolejne operacje, kt\u00f3re zbli\u017ca\u0142y j\u0105 do celu. Ka\u017cdy z darczy\u0144c\u00f3w sta\u0142 si\u0119 cz\u0119\u015bci\u0105 tej walki, a ich pomoc mia\u0142a kluczowe znaczenie w d\u0105\u017ceniu do pe\u0142nej sprawno\u015bci.<\/span><\/p>\n<p><a href=\"https:\/\/dobrowraca-mg.pl\/marcelina\/wp-content\/uploads\/w75gb7-scaled.jpg\"><img loading=\"lazy\" decoding=\"async\" class=\"aligncenter size-medium wp-image-20879\" src=\"https:\/\/dobrowraca-mg.pl\/marcelina\/wp-content\/uploads\/w75gb7-150x300.jpg\" alt=\"\" width=\"150\" height=\"300\" srcset=\"https:\/\/dobrowraca-mg.pl\/marcelina\/wp-content\/uploads\/w75gb7-150x300.jpg 150w, https:\/\/dobrowraca-mg.pl\/marcelina\/wp-content\/uploads\/w75gb7-511x1024.jpg 511w, https:\/\/dobrowraca-mg.pl\/marcelina\/wp-content\/uploads\/w75gb7-768x1538.jpg 768w, https:\/\/dobrowraca-mg.pl\/marcelina\/wp-content\/uploads\/w75gb7-767x1536.jpg 767w, https:\/\/dobrowraca-mg.pl\/marcelina\/wp-content\/uploads\/w75gb7-1023x2048.jpg 1023w, https:\/\/dobrowraca-mg.pl\/marcelina\/wp-content\/uploads\/w75gb7-760x1522.jpg 760w, https:\/\/dobrowraca-mg.pl\/marcelina\/wp-content\/uploads\/w75gb7-scaled.jpg 1278w\" sizes=\"auto, (max-width: 150px) 100vw, 150px\" \/><\/a><\/p>\n<p style=\"text-align: center;\"><span style=\"color: #000000;\">Na ko\u0144cu tej trudnej drogi wci\u0105\u017c pozostaje wiele wyzwa\u0144. Kolejne operacje s\u0105 konieczne, aby zniwelowa\u0107 r\u00f3\u017cnic\u0119 w d\u0142ugo\u015bci n\u00f3\u017cek i zapewni\u0107 Marcelince jak najlepsze \u017cycie. Mimo trudno\u015bci, nie mo\u017cna traci\u0107 nadziei, a walka o lepsz\u0105 przysz\u0142o\u015b\u0107 powinna by\u0107 kontynuowana. Ka\u017cda pomoc, niewa\u017cne jak ma\u0142a, ma znaczenie. R\u0119ka podana w trudnych chwilach potrafi zdzia\u0142a\u0107 cuda. Dlatego apelujemy do wszystkich, aby nie pozostawali oboj\u0119tni wobec Marcelinki. Razem mo\u017cna osi\u0105gn\u0105\u0107 wi\u0119cej, a Marcela zas\u0142uguje na pe\u0142ne, radosne<\/span> <span style=\"color: #000000;\">\u017cycie<\/span>.<\/p>\n    <\/div>\n\n<div class=\"tab-rewards tab_col_3 tab-campaign-story-right\">\n    <div style=\"clear: both\"><\/div>\t<div style=\"clear: both\"><\/div>\n<\/div>                <\/div>\n                    <\/div>\n        <div class=\"clear-float\"><\/div>\n    <\/div>\n\n                        <meta itemprop=\"url\" content=\"https:\/\/dobrowraca-mg.pl\/marcelina\/podopieczny\/marcelina\/\" \/>\n                    <\/div><!-- #campaign-65812 -->\n\t\t\t\t\t\t\t\t\t\t\n                <\/div>\n            <\/div><!-- #content -->\n        <\/div><!-- #primary -->\n    <\/div>\n\n<\/div>\n","wpcf_popular_campaign":[{"ID":65812,"post_author":"4","post_date":"2024-11-21 00:44:15","post_date_gmt":"2024-11-20 23:44:15","post_content":"<p style=\"text-align: center;\"><span style=\"color: #ff0000;\">Marcelinka z ma\u0142ej miejscowo\u015bci \u015aniadowo - obok Mr\u0105gowa musi przej\u015b\u0107 piln\u0105 operacje wyd\u0142u\u017cania n\u00f3\u017cki. Je\u015bli nie zd\u0105\u017cymy uzbiera\u0107 pieni\u0119dzy, dziewczynka b\u0119dzie skazana na amputacj\u0119.\u00a0<\/span><\/p>\r\n[video width=\"1080\" height=\"1440\" mp4=\"https:\/\/dobrowraca-mg.pl\/marcelina\/wp-content\/uploads\/YouCut_20220419_164346913.mp4\"][\/video]\r\n\r\n&nbsp;\r\n<p style=\"text-align: center;\"><span style=\"color: #000000;\">Ka\u017cde dziecko zas\u0142uguje na szans\u0119 na zdrowe i pe\u0142ne \u017cycie. Kiedy w czasie ci\u0105\u017cy pojawi\u0142a si\u0119 informacja o wadzie n\u00f3\u017cki, pojawi\u0142 si\u0119 strach i niepewno\u015b\u0107. Z ka\u017cdym dniem rodzi\u0142y si\u0119 pytania o przysz\u0142o\u015b\u0107, a w sercu pojawi\u0142a si\u0119 determinacja, aby znale\u017a\u0107 najlepsze rozwi\u0105zanie<\/span>.<\/p>\r\n<p style=\"text-align: center;\"><span style=\"color: #000000;\">Marcelinka, kt\u00f3ra przysz\u0142a na \u015bwiat 22 kwietnia 2019r\u00a0 mia\u0142a powa\u017cn\u0105 wad\u0119 wrodzon\u0105. Prawa n\u00f3\u017cka by\u0142a znacznie kr\u00f3tsza od lewej, a dodatkowe paluszki sprawia\u0142y, \u017ce jej przysz\u0142o\u015b\u0107 wydawa\u0142a si\u0119 niepewna. Lekarze, mimo ogromnej wiedzy, proponowali amputacj\u0119 jako jedyne wyj\u015bcie. To jednak nie by\u0142o rozwi\u0105zanie, kt\u00f3re mog\u0142o by\u0107 zaakceptowane. Zamiast podda\u0107 si\u0119 bez walki, rozpocz\u0119to poszukiwania pomocy. Internet sta\u0142 si\u0119 \u017ar\u00f3d\u0142em nadziei, a w\u015br\u00f3d wielu informacji znalaz\u0142 si\u0119 kontakt do dr Paleya, specjalisty od skomplikowanych przypadk\u00f3w, kt\u00f3ry pom\u00f3g\u0142 ju\u017c wielu dzieciom w podobnej sytuacji.<\/span><\/p>\r\n<a href=\"https:\/\/dobrowraca-mg.pl\/marcelina\/wp-content\/uploads\/FB_IMG_1649093815818.jpg\"><img class=\"aligncenter size-medium wp-image-20866\" src=\"https:\/\/dobrowraca-mg.pl\/marcelina\/wp-content\/uploads\/FB_IMG_1649093815818-241x300.jpg\" alt=\"\" width=\"241\" height=\"300\" \/><\/a>\r\n<p style=\"text-align: center;\"><span style=\"color: #000000;\">Pierwsza operacja, kt\u00f3ra mia\u0142a miejsce 22 sierpnia 2020 roku, by\u0142a kluczowym momentem w \u017cyciu Marcelinki. Dzi\u0119ki zaawansowanej rekonstrukcji n\u00f3\u017cki oraz usuni\u0119ciu dodatkowych paluszk\u00f3w, otworzy\u0142y si\u0119 nowe mo\u017cliwo\u015bci. Jednak to by\u0142 dopiero pocz\u0105tek d\u0142ugiej i trudnej drogi. Kolejne operacje, w tym wyd\u0142u\u017cenie n\u00f3\u017cki, by\u0142y niezb\u0119dne, aby zapewni\u0107 jej sprawno\u015b\u0107 i mo\u017cliwo\u015b\u0107 samodzielnego poruszania si\u0119. Ka\u017cda z operacji by\u0142a krokiem w stron\u0119 lepszej przysz\u0142o\u015bci, a determinacja zar\u00f3wno ma\u0142ej pacjentki, jak i jej rodziny by\u0142a nieoceniona.<\/span><\/p>\r\n<a href=\"https:\/\/dobrowraca-mg.pl\/marcelina\/wp-content\/uploads\/big_ad22ed9a-dc33-460f-9d5f-5a1b945626df.jpg\"><img class=\"aligncenter size-medium wp-image-20865\" src=\"https:\/\/dobrowraca-mg.pl\/marcelina\/wp-content\/uploads\/big_ad22ed9a-dc33-460f-9d5f-5a1b945626df-300x225.jpg\" alt=\"\" width=\"300\" height=\"225\" \/><\/a>\r\n<p style=\"text-align: center;\"><span style=\"color: #000000;\">Koszty zwi\u0105zane z leczeniem i rehabilitacj\u0105 by\u0142y ogromne, co dodatkowo obci\u0105\u017ca\u0142o rodzinny bud\u017cet. Jednak nie mo\u017cna by\u0142o pozwoli\u0107, aby finansowe trudno\u015bci zablokowa\u0142y drog\u0119 do zdrowia. Dzi\u0119ki wsparciu wielu ludzi, Marcelinka mog\u0142a przej\u015b\u0107 kolejne operacje, kt\u00f3re zbli\u017ca\u0142y j\u0105 do celu. Ka\u017cdy z darczy\u0144c\u00f3w sta\u0142 si\u0119 cz\u0119\u015bci\u0105 tej walki, a ich pomoc mia\u0142a kluczowe znaczenie w d\u0105\u017ceniu do pe\u0142nej sprawno\u015bci.<\/span><\/p>\r\n<a href=\"https:\/\/dobrowraca-mg.pl\/marcelina\/wp-content\/uploads\/w75gb7-scaled.jpg\"><img class=\"aligncenter size-medium wp-image-20879\" src=\"https:\/\/dobrowraca-mg.pl\/marcelina\/wp-content\/uploads\/w75gb7-150x300.jpg\" alt=\"\" width=\"150\" height=\"300\" \/><\/a>\r\n<p style=\"text-align: center;\"><span style=\"color: #000000;\">Na ko\u0144cu tej trudnej drogi wci\u0105\u017c pozostaje wiele wyzwa\u0144. Kolejne operacje s\u0105 konieczne, aby zniwelowa\u0107 r\u00f3\u017cnic\u0119 w d\u0142ugo\u015bci n\u00f3\u017cek i zapewni\u0107 Marcelince jak najlepsze \u017cycie. Mimo trudno\u015bci, nie mo\u017cna traci\u0107 nadziei, a walka o lepsz\u0105 przysz\u0142o\u015b\u0107 powinna by\u0107 kontynuowana. Ka\u017cda pomoc, niewa\u017cne jak ma\u0142a, ma znaczenie. R\u0119ka podana w trudnych chwilach potrafi zdzia\u0142a\u0107 cuda. Dlatego apelujemy do wszystkich, aby nie pozostawali oboj\u0119tni wobec Marcelinki. Razem mo\u017cna osi\u0105gn\u0105\u0107 wi\u0119cej, a Marcela zas\u0142uguje na pe\u0142ne, radosne<\/span> <span style=\"color: #000000;\">\u017cycie<\/span>.<\/p>","post_title":"Marcelina Biernacka","post_excerpt":"Skazana na AMPUTACJ\u0118 n\u00f3\u017cki!","post_status":"publish","comment_status":"closed","ping_status":"closed","post_password":"","post_name":"marcelina","to_ping":"","pinged":"","post_modified":"2025-02-19 17:48:58","post_modified_gmt":"2025-02-19 16:48:58","post_content_filtered":"","post_parent":0,"guid":"https:\/\/dobrowraca-mg.pl\/marcelina\/?post_type=product&#038;p=65812","menu_order":0,"post_type":"product","post_mime_type":"","comment_count":"0","filter":"raw"}],"wpcf_project_listing":[{"ID":65812,"post_author":"4","post_date":"2024-11-21 00:44:15","post_date_gmt":"2024-11-20 23:44:15","post_content":"<p style=\"text-align: center;\"><span style=\"color: #ff0000;\">Marcelinka z ma\u0142ej miejscowo\u015bci \u015aniadowo - obok Mr\u0105gowa musi przej\u015b\u0107 piln\u0105 operacje wyd\u0142u\u017cania n\u00f3\u017cki. Je\u015bli nie zd\u0105\u017cymy uzbiera\u0107 pieni\u0119dzy, dziewczynka b\u0119dzie skazana na amputacj\u0119.\u00a0<\/span><\/p>\r\n[video width=\"1080\" height=\"1440\" mp4=\"https:\/\/dobrowraca-mg.pl\/marcelina\/wp-content\/uploads\/YouCut_20220419_164346913.mp4\"][\/video]\r\n\r\n&nbsp;\r\n<p style=\"text-align: center;\"><span style=\"color: #000000;\">Ka\u017cde dziecko zas\u0142uguje na szans\u0119 na zdrowe i pe\u0142ne \u017cycie. Kiedy w czasie ci\u0105\u017cy pojawi\u0142a si\u0119 informacja o wadzie n\u00f3\u017cki, pojawi\u0142 si\u0119 strach i niepewno\u015b\u0107. Z ka\u017cdym dniem rodzi\u0142y si\u0119 pytania o przysz\u0142o\u015b\u0107, a w sercu pojawi\u0142a si\u0119 determinacja, aby znale\u017a\u0107 najlepsze rozwi\u0105zanie<\/span>.<\/p>\r\n<p style=\"text-align: center;\"><span style=\"color: #000000;\">Marcelinka, kt\u00f3ra przysz\u0142a na \u015bwiat 22 kwietnia 2019r\u00a0 mia\u0142a powa\u017cn\u0105 wad\u0119 wrodzon\u0105. Prawa n\u00f3\u017cka by\u0142a znacznie kr\u00f3tsza od lewej, a dodatkowe paluszki sprawia\u0142y, \u017ce jej przysz\u0142o\u015b\u0107 wydawa\u0142a si\u0119 niepewna. Lekarze, mimo ogromnej wiedzy, proponowali amputacj\u0119 jako jedyne wyj\u015bcie. To jednak nie by\u0142o rozwi\u0105zanie, kt\u00f3re mog\u0142o by\u0107 zaakceptowane. Zamiast podda\u0107 si\u0119 bez walki, rozpocz\u0119to poszukiwania pomocy. Internet sta\u0142 si\u0119 \u017ar\u00f3d\u0142em nadziei, a w\u015br\u00f3d wielu informacji znalaz\u0142 si\u0119 kontakt do dr Paleya, specjalisty od skomplikowanych przypadk\u00f3w, kt\u00f3ry pom\u00f3g\u0142 ju\u017c wielu dzieciom w podobnej sytuacji.<\/span><\/p>\r\n<a href=\"https:\/\/dobrowraca-mg.pl\/marcelina\/wp-content\/uploads\/FB_IMG_1649093815818.jpg\"><img class=\"aligncenter size-medium wp-image-20866\" src=\"https:\/\/dobrowraca-mg.pl\/marcelina\/wp-content\/uploads\/FB_IMG_1649093815818-241x300.jpg\" alt=\"\" width=\"241\" height=\"300\" \/><\/a>\r\n<p style=\"text-align: center;\"><span style=\"color: #000000;\">Pierwsza operacja, kt\u00f3ra mia\u0142a miejsce 22 sierpnia 2020 roku, by\u0142a kluczowym momentem w \u017cyciu Marcelinki. Dzi\u0119ki zaawansowanej rekonstrukcji n\u00f3\u017cki oraz usuni\u0119ciu dodatkowych paluszk\u00f3w, otworzy\u0142y si\u0119 nowe mo\u017cliwo\u015bci. Jednak to by\u0142 dopiero pocz\u0105tek d\u0142ugiej i trudnej drogi. Kolejne operacje, w tym wyd\u0142u\u017cenie n\u00f3\u017cki, by\u0142y niezb\u0119dne, aby zapewni\u0107 jej sprawno\u015b\u0107 i mo\u017cliwo\u015b\u0107 samodzielnego poruszania si\u0119. Ka\u017cda z operacji by\u0142a krokiem w stron\u0119 lepszej przysz\u0142o\u015bci, a determinacja zar\u00f3wno ma\u0142ej pacjentki, jak i jej rodziny by\u0142a nieoceniona.<\/span><\/p>\r\n<a href=\"https:\/\/dobrowraca-mg.pl\/marcelina\/wp-content\/uploads\/big_ad22ed9a-dc33-460f-9d5f-5a1b945626df.jpg\"><img class=\"aligncenter size-medium wp-image-20865\" src=\"https:\/\/dobrowraca-mg.pl\/marcelina\/wp-content\/uploads\/big_ad22ed9a-dc33-460f-9d5f-5a1b945626df-300x225.jpg\" alt=\"\" width=\"300\" height=\"225\" \/><\/a>\r\n<p style=\"text-align: center;\"><span style=\"color: #000000;\">Koszty zwi\u0105zane z leczeniem i rehabilitacj\u0105 by\u0142y ogromne, co dodatkowo obci\u0105\u017ca\u0142o rodzinny bud\u017cet. Jednak nie mo\u017cna by\u0142o pozwoli\u0107, aby finansowe trudno\u015bci zablokowa\u0142y drog\u0119 do zdrowia. Dzi\u0119ki wsparciu wielu ludzi, Marcelinka mog\u0142a przej\u015b\u0107 kolejne operacje, kt\u00f3re zbli\u017ca\u0142y j\u0105 do celu. Ka\u017cdy z darczy\u0144c\u00f3w sta\u0142 si\u0119 cz\u0119\u015bci\u0105 tej walki, a ich pomoc mia\u0142a kluczowe znaczenie w d\u0105\u017ceniu do pe\u0142nej sprawno\u015bci.<\/span><\/p>\r\n<a href=\"https:\/\/dobrowraca-mg.pl\/marcelina\/wp-content\/uploads\/w75gb7-scaled.jpg\"><img class=\"aligncenter size-medium wp-image-20879\" src=\"https:\/\/dobrowraca-mg.pl\/marcelina\/wp-content\/uploads\/w75gb7-150x300.jpg\" alt=\"\" width=\"150\" height=\"300\" \/><\/a>\r\n<p style=\"text-align: center;\"><span style=\"color: #000000;\">Na ko\u0144cu tej trudnej drogi wci\u0105\u017c pozostaje wiele wyzwa\u0144. Kolejne operacje s\u0105 konieczne, aby zniwelowa\u0107 r\u00f3\u017cnic\u0119 w d\u0142ugo\u015bci n\u00f3\u017cek i zapewni\u0107 Marcelince jak najlepsze \u017cycie. Mimo trudno\u015bci, nie mo\u017cna traci\u0107 nadziei, a walka o lepsz\u0105 przysz\u0142o\u015b\u0107 powinna by\u0107 kontynuowana. Ka\u017cda pomoc, niewa\u017cne jak ma\u0142a, ma znaczenie. R\u0119ka podana w trudnych chwilach potrafi zdzia\u0142a\u0107 cuda. Dlatego apelujemy do wszystkich, aby nie pozostawali oboj\u0119tni wobec Marcelinki. Razem mo\u017cna osi\u0105gn\u0105\u0107 wi\u0119cej, a Marcela zas\u0142uguje na pe\u0142ne, radosne<\/span> <span style=\"color: #000000;\">\u017cycie<\/span>.<\/p>","post_title":"Marcelina Biernacka","post_excerpt":"Skazana na AMPUTACJ\u0118 n\u00f3\u017cki!","post_status":"publish","comment_status":"closed","ping_status":"closed","post_password":"","post_name":"marcelina","to_ping":"","pinged":"","post_modified":"2025-02-19 17:48:58","post_modified_gmt":"2025-02-19 16:48:58","post_content_filtered":"","post_parent":0,"guid":"https:\/\/dobrowraca-mg.pl\/marcelina\/?post_type=product&#038;p=65812","menu_order":0,"post_type":"product","post_mime_type":"","comment_count":"0","filter":"raw"}],"_links":{"self":[{"href":"https:\/\/dobrowraca-mg.pl\/marcelina\/wp-json\/wp\/v2\/product\/65812","targetHints":{"allow":["GET"]}}],"collection":[{"href":"https:\/\/dobrowraca-mg.pl\/marcelina\/wp-json\/wp\/v2\/product"}],"about":[{"href":"https:\/\/dobrowraca-mg.pl\/marcelina\/wp-json\/wp\/v2\/types\/product"}],"wp:featuredmedia":[{"embeddable":true,"href":"https:\/\/dobrowraca-mg.pl\/marcelina\/wp-json\/wp\/v2\/media\/67057"}],"wp:attachment":[{"href":"https:\/\/dobrowraca-mg.pl\/marcelina\/wp-json\/wp\/v2\/media?parent=65812"}],"wp:term":[{"taxonomy":"product_cat","embeddable":true,"href":"https:\/\/dobrowraca-mg.pl\/marcelina\/wp-json\/wp\/v2\/product_cat?post=65812"},{"taxonomy":"product_tag","embeddable":true,"href":"https:\/\/dobrowraca-mg.pl\/marcelina\/wp-json\/wp\/v2\/product_tag?post=65812"}],"curies":[{"name":"wp","href":"https:\/\/api.w.org\/{rel}","templated":true}]}}